{"version":"1.0","provider_name":"ASSAM Congress","provider_url":"https:\/\/assamcongress.com\/tr\/","author_name":"As\u0131m \u00d6zt\u00fcrk","author_url":"https:\/\/assamcongress.com\/tr\/author\/aozturk\/","title":"7'NC\u0130 ULUSLARARASI ASSAM \u0130SLAM B\u0130RL\u0130\u011e\u0130 MODEL\u0130 KONGRES\u0130: MODEL ASR\u0130KA KONFEDERASYONU ADALET S\u0130STEM\u0130 - ASSAM Congress","type":"rich","width":600,"height":338,"html":"<blockquote class=\"wp-embedded-content\" data-secret=\"lRdRjxH8PH\"><a href=\"https:\/\/assamcongress.com\/tr\/7-kongre\/\">7&#8217;NC\u0130 ULUSLARARASI ASSAM \u0130SLAM B\u0130RL\u0130\u011e\u0130 MODEL\u0130 KONGRES\u0130: MODEL ASR\u0130KA KONFEDERASYONU ADALET S\u0130STEM\u0130<\/a><\/blockquote><iframe sandbox=\"allow-scripts\" security=\"restricted\" src=\"https:\/\/assamcongress.com\/tr\/7-kongre\/embed\/#?secret=lRdRjxH8PH\" width=\"600\" height=\"338\" title=\"&#8220;7&#8217;NC\u0130 ULUSLARARASI ASSAM \u0130SLAM B\u0130RL\u0130\u011e\u0130 MODEL\u0130 KONGRES\u0130: MODEL ASR\u0130KA KONFEDERASYONU ADALET S\u0130STEM\u0130&#8221; &#8212; ASSAM Congress\" data-secret=\"lRdRjxH8PH\" frameborder=\"0\" marginwidth=\"0\" marginheight=\"0\" scrolling=\"no\" class=\"wp-embedded-content\"><\/iframe><script>\n\/*! This file is auto-generated *\/\n!function(d,l){\"use strict\";l.querySelector&&d.addEventListener&&\"undefined\"!=typeof URL&&(d.wp=d.wp||{},d.wp.receiveEmbedMessage||(d.wp.receiveEmbedMessage=function(e){var t=e.data;if((t||t.secret||t.message||t.value)&&!\/[^a-zA-Z0-9]\/.test(t.secret)){for(var s,r,n,a=l.querySelectorAll('iframe[data-secret=\"'+t.secret+'\"]'),o=l.querySelectorAll('blockquote[data-secret=\"'+t.secret+'\"]'),c=new RegExp(\"^https?:$\",\"i\"),i=0;i<o.length;i++)o[i].style.display=\"none\";for(i=0;i<a.length;i++)s=a[i],e.source===s.contentWindow&&(s.removeAttribute(\"style\"),\"height\"===t.message?(1e3<(r=parseInt(t.value,10))?r=1e3:~~r<200&&(r=200),s.height=r):\"link\"===t.message&&(r=new URL(s.getAttribute(\"src\")),n=new URL(t.value),c.test(n.protocol))&&n.host===r.host&&l.activeElement===s&&(d.top.location.href=t.value))}},d.addEventListener(\"message\",d.wp.receiveEmbedMessage,!1),l.addEventListener(\"DOMContentLoaded\",function(){for(var e,t,s=l.querySelectorAll(\"iframe.wp-embedded-content\"),r=0;r<s.length;r++)(t=(e=s[r]).getAttribute(\"data-secret\"))||(t=Math.random().toString(36).substring(2,12),e.src+=\"#?secret=\"+t,e.setAttribute(\"data-secret\",t)),e.contentWindow.postMessage({message:\"ready\",secret:t},\"*\")},!1)))}(window,document);\n\/\/# sourceURL=https:\/\/assamcongress.com\/wp-includes\/js\/wp-embed.min.js\n<\/script>\n","description":"GENEL Uluslararas\u0131 ASSAM \u0130slam Birli\u011fi Modeli Kongreleri\u2019nin amac\u0131; \u0130slam \u00fclkeleri co\u011frafyas\u0131 ba\u015fta olmak \u00fczere d\u00fcnya siyasetinde g\u00fcncel sorunlarla ilgili olarak akademik ve siyasal bir zemin \u00fczerinde tespitler yapmak,\u00a0\u0130sl\u00e2m \u00fclkelerinin bir irade alt\u0131nda toplanmas\u0131 i\u00e7in gerekli m\u00fcesseseleri ve bu m\u00fcesseseler i\u00e7in gerekli mevzuat hakk\u0131nda \u0130slam d\u00fcnyas\u0131na ve karar vericilere bir hal tarz\u0131 sunmakt\u0131r. Uluslararas\u0131 ASSAM \u0130slam [&hellip;]"}