{"id":2003,"date":"2025-09-07T12:12:41","date_gmt":"2025-09-07T09:12:41","guid":{"rendered":"https:\/\/yeni.assamcongress.com\/?page_id=2003"},"modified":"2025-11-18T08:46:06","modified_gmt":"2025-11-18T05:46:06","slug":"home","status":"publish","type":"page","link":"https:\/\/assamcongress.com\/tr\/","title":{"rendered":"Home"},"content":{"rendered":"\n<div class=\"section-wrapper\" data-id=\"eqgDwp\"><section class=\"wp-block-gutenverse-section guten-element guten-section guten-eqgDwp layout-boxed align-stretch\"><div class=\"guten-container guten-column-gap-no\">\n<div class=\"wp-block-gutenverse-column guten-element guten-column guten-nKMmnf\"><div class=\"guten-column-wrapper\" data-id=\"nKMmnf\"><p>[bayraklar]<\/p>\n\n\n\n<div class=\"wp-block-gutenverse-image guten-element guten-image guten-9BNOat\"><a class=\"guten-image-wrapper\" href=\"https:\/\/assamcongress.com\/\"><img loading=\"lazy\" decoding=\"async\" class=\"gutenverse-image-box-filled\" src=\"https:\/\/assamcongress.com\/wp-content\/uploads\/2025\/09\/Kongre_150.png\" height=\"150\" width=\"150\"\/><\/a><\/div>\n<\/div><\/div>\n\n\n\n<div class=\"wp-block-gutenverse-column guten-element guten-column guten-oQb8Rn\"><div class=\"guten-column-wrapper\" data-id=\"oQb8Rn\"><div id=\"guten-McKMMt\" class=\"guten-element guten-nav-menu nav-menu break-point-tablet submenu-click-title \" data-item-indicator=\"gtn gtn-angle-down-solid\" data-close-on-click=\"1\">\n\t\t\t<div class=\"gutenverse-hamburger-wrapper\">\n\t\t\t\t<button class=\"gutenverse-hamburger-menu\">\n\t\t\t\t\t<i aria-hidden=\"true\" class=\"gtn gtn-bars-solid\"><\/i>\n\t\t\t\t<\/button>\n\t\t\t<\/div>\n\t\t\t\n\t\t\t<div class=\"gutenverse-menu-wrapper\"><div class=\"gutenverse-menu-container\"><ul id=\"menu-main-menu\" class=\"gutenverse-menu\"><li id=\"menu-item-2023\" class=\"menu-item menu-item-type-post_type menu-item-object-page menu-item-home menu-item-2023\"><a href=\"javascript:void(0);\" data-href=\"https:\/\/assamcongress.com\/tr\/\">ANASAYFA<\/a><\/li>\n<li id=\"menu-item-1584\" class=\"menu-item menu-item-type-post_type menu-item-object-post menu-item-has-children menu-item-1584\"><a href=\"javascript:void(0);\" data-href=\"https:\/\/assamcongress.com\/tr\/bildiri-gonderimi\/\">G\u00d6NDER\u0130M VE KAYIT<\/a>\n<ul class=\"sub-menu\">\n\t<li id=\"menu-item-1585\" class=\"menu-item menu-item-type-post_type menu-item-object-post menu-item-1585\"><a href=\"javascript:void(0);\" data-href=\"https:\/\/assamcongress.com\/tr\/bildiri-gonderimi\/\">G\u00d6NDER\u0130M<\/a><\/li>\n\t<li id=\"menu-item-1586\" class=\"menu-item menu-item-type-post_type menu-item-object-post menu-item-1586\"><a href=\"javascript:void(0);\" data-href=\"https:\/\/assamcongress.com\/tr\/kayit\/\">KAYIT<\/a><\/li>\n\t<li id=\"menu-item-1759\" class=\"menu-item menu-item-type-post_type menu-item-object-post menu-item-1759\"><a href=\"javascript:void(0);\" data-href=\"https:\/\/assamcongress.com\/tr\/tam-metin-ve-ozet-gonderim-formati\/\">TAM MET\u0130N VE \u00d6ZET YAZIM FORMATI<\/a><\/li>\n<\/ul>\n<\/li>\n<li id=\"menu-item-1821\" class=\"menu-item menu-item-type-post_type menu-item-object-post menu-item-1821\"><a href=\"javascript:void(0);\" data-href=\"https:\/\/assamcongress.com\/tr\/hakkimizda\/\">Hakk\u0131m\u0131zda<\/a><\/li>\n<li id=\"menu-item-2026\" class=\"menu-item menu-item-type-post_type menu-item-object-post menu-item-2026\"><a href=\"javascript:void(0);\" data-href=\"https:\/\/assamcongress.com\/tr\/i%cc%87letisim\/\">\u0130leti\u015fim<\/a><\/li>\n<li id=\"menu-item-3211\" class=\"menu-item menu-item-type-custom menu-item-object-custom menu-item-3211\"><a href=\"javascript:void(0);\" data-href=\"#arama-butonu\"><svg xmlns=\"http:\/\/www.w3.org\/2000\/svg\" width=\"15\" height=\"15\" viewBox=\"0 0 15 15\" fill=\"currentColor\"> <path d=\"M6.06786 12.1357C7.3777 12.1357 8.60074 11.7096 9.59495 10.9995L13.3351 14.7396C13.5087 14.9132 13.7375 15 13.9742 15C14.4871 15 14.858 14.6055 14.858 14.1005C14.858 13.8638 14.7791 13.6428 14.6055 13.4692L10.889 9.74487C11.6702 8.7191 12.1357 7.44871 12.1357 6.06786C12.1357 2.73014 9.40558 0 6.06786 0C2.72225 0 0 2.73014 0 6.06786C0 9.40558 2.72225 12.1357 6.06786 12.1357ZM6.06786 10.8259C3.45608 10.8259 1.30984 8.67175 1.30984 6.06786C1.30984 3.46397 3.45608 1.30984 6.06786 1.30984C8.67175 1.30984 10.8259 3.46397 10.8259 6.06786C10.8259 8.67175 8.67175 10.8259 6.06786 10.8259Z\"><\/path> <\/svg><\/a><\/li>\n<li id=\"menu-item-1787\" class=\"menu-item menu-item-type-post_type menu-item-object-post menu-item-has-children menu-item-1787\"><a href=\"javascript:void(0);\" data-href=\"https:\/\/assamcongress.com\/tr\/2024-2027-asri%cc%87ka-islam-birligi-modeli-krizlere-cozum-arayisi-kongre-serisi\/\">ASR\u0130KA KR\u0130ZLERE \u00c7\u00d6Z\u00dcM ARAYI\u015eI <span class=\"minimenu\">2024 &#8211; 2027 Kongre Serisi<\/span><\/a>\n<ul class=\"sub-menu\">\n\t<li id=\"menu-item-1809\" class=\"menu-item menu-item-type-custom menu-item-object-custom menu-item-has-children menu-item-1809\"><a>AVRUPA &#8211; ORTA ASYA KR\u0130ZLER\u0130 &#8211; 2025<\/a>\n\t<ul class=\"sub-menu\">\n\t\t<li id=\"menu-item-1810\" class=\"menu-item menu-item-type-post_type menu-item-object-post menu-item-1810\"><a href=\"javascript:void(0);\" data-href=\"https:\/\/assamcongress.com\/tr\/avrupa-ve-orta-asya-bolgesi-krizlerine-cozum-arayisi-2025-kongre-ana-temasi\/\">KONGRE BEYANNAMES\u0130 \u201925<\/a><\/li>\n\t\t<li id=\"menu-item-1811\" class=\"menu-item menu-item-type-post_type menu-item-object-post menu-item-1811\"><a href=\"javascript:void(0);\" data-href=\"https:\/\/assamcongress.com\/tr\/kongre-alt-basliklari-25\/\">KONGRE ALT BA\u015eLIKLARI \u201925<\/a><\/li>\n\t\t<li id=\"menu-item-1812\" class=\"menu-item menu-item-type-post_type menu-item-object-post menu-item-1812\"><a href=\"javascript:void(0);\" data-href=\"https:\/\/assamcongress.com\/tr\/onemli-tarihler-25\/\">\u00d6NEML\u0130 TAR\u0130HLER \u201925<\/a><\/li>\n\t\t<li id=\"menu-item-3651\" class=\"menu-item menu-item-type-post_type menu-item-object-post menu-item-3651\"><a href=\"javascript:void(0);\" data-href=\"https:\/\/assamcongress.com\/tr\/icra-kurulu-25\/\">\u0130CRA KURULU \u201925<\/a><\/li>\n\t\t<li id=\"menu-item-3428\" class=\"menu-item menu-item-type-post_type menu-item-object-post menu-item-3428\"><a href=\"javascript:void(0);\" data-href=\"https:\/\/assamcongress.com\/tr\/kongre-paydaslarimiz-25\/\">KONGRE PAYDA\u015eLARIMIZ \u201925<\/a><\/li>\n\t\t<li id=\"menu-item-3055\" class=\"menu-item menu-item-type-post_type menu-item-object-post menu-item-3055\"><a href=\"javascript:void(0);\" data-href=\"https:\/\/assamcongress.com\/tr\/bilim-kurulu-25\/\">B\u0130L\u0130M KURULU \u201925<\/a><\/li>\n\t\t<li id=\"menu-item-3289\" class=\"menu-item menu-item-type-post_type menu-item-object-post menu-item-3289\"><a href=\"javascript:void(0);\" data-href=\"https:\/\/assamcongress.com\/tr\/acilis-konusmacilar-25\/\">A\u00c7I\u015e KONU\u015eMALARI \u201925<\/a><\/li>\n\t\t<li id=\"menu-item-3250\" class=\"menu-item menu-item-type-post_type menu-item-object-post menu-item-3250\"><a href=\"javascript:void(0);\" data-href=\"https:\/\/assamcongress.com\/tr\/anahtar-konusmacilar-25\/\">ANAHTAR KONU\u015eMACILAR \u201925<\/a><\/li>\n\t\t<li id=\"menu-item-3972\" class=\"menu-item menu-item-type-post_type menu-item-object-post menu-item-3972\"><a href=\"javascript:void(0);\" data-href=\"https:\/\/assamcongress.com\/tr\/program-akisi-25\/\">PROGRAM AKI\u015eI &#8217;25<\/a><\/li>\n\t<\/ul>\n<\/li>\n\t<li id=\"menu-item-1788\" class=\"menu-item menu-item-type-custom menu-item-object-custom menu-item-has-children menu-item-1788\"><a>ORTADO\u011eU &#8211; KUZEY AFR\u0130KA KR\u0130ZLER\u0130 &#8211; 2024<\/a>\n\t<ul class=\"sub-menu\">\n\t\t<li id=\"menu-item-1789\" class=\"menu-item menu-item-type-post_type menu-item-object-post menu-item-1789\"><a href=\"javascript:void(0);\" data-href=\"https:\/\/assamcongress.com\/tr\/ortadogu-ve-kuzey-afrika-bolgesi-krizlerine-cozum-arayisi-2024-kongre-beyannamesi\/\">KONGRE BEYANNAMES\u0130 \u201924<\/a><\/li>\n\t\t<li id=\"menu-item-1804\" class=\"menu-item menu-item-type-post_type menu-item-object-post menu-item-1804\"><a href=\"javascript:void(0);\" data-href=\"https:\/\/assamcongress.com\/tr\/8-uluslararasi-asrika-islam-birligi-modeli-krizlere-cozum-arayisi-kongresi-sonuc-bildirgesi\/\">KONGRE B\u0130LG\u0130RGES\u0130 \u201924<\/a><\/li>\n\t\t<li id=\"menu-item-1797\" class=\"menu-item menu-item-type-post_type menu-item-object-post menu-item-1797\"><a href=\"javascript:void(0);\" data-href=\"https:\/\/assamcongress.com\/tr\/kongre-alt-basliklari-24\/\">KONGRE ALT BA\u015eLIKLARI \u201924<\/a><\/li>\n\t\t<li id=\"menu-item-1803\" class=\"menu-item menu-item-type-post_type menu-item-object-post menu-item-1803\"><a href=\"javascript:void(0);\" data-href=\"https:\/\/assamcongress.com\/tr\/8-inci-kongre-ozet-kitapcigi\/\">KONGRE \u00d6ZET K\u0130TAP\u00c7I\u011eI \u201924<\/a><\/li>\n\t\t<li id=\"menu-item-1798\" class=\"menu-item menu-item-type-post_type menu-item-object-post menu-item-1798\"><a href=\"javascript:void(0);\" data-href=\"https:\/\/assamcongress.com\/tr\/onemli-tarihler-24\/\">\u00d6NEML\u0130 TAR\u0130HLER \u201924<\/a><\/li>\n\t<\/ul>\n<\/li>\n<\/ul>\n<\/li>\n<li id=\"menu-item-1779\" class=\"menu-item menu-item-type-post_type menu-item-object-post menu-item-has-children menu-item-1779\"><a href=\"javascript:void(0);\" data-href=\"https:\/\/assamcongress.com\/tr\/2017-2023-assam-islam-birligi-modeli-kongreleri\/\">MODEL ASR\u0130KA KONFEDERASYONU <span class=\"minimenu\">2017 &#8211; 2023 Kongre Serisi<\/span><\/a>\n<ul class=\"sub-menu\">\n\t<li id=\"menu-item-1784\" class=\"menu-item menu-item-type-post_type menu-item-object-post menu-item-1784\"><a href=\"javascript:void(0);\" data-href=\"https:\/\/assamcongress.com\/tr\/sonuc-raporu\/\">Sonu\u00e7 Raporu<\/a><\/li>\n\t<li id=\"menu-item-1758\" class=\"menu-item menu-item-type-custom menu-item-object-custom menu-item-has-children menu-item-1758\"><a>ADALET S\u0130STEM\u0130 \u20192023<\/a>\n\t<ul class=\"sub-menu\">\n\t\t<li id=\"menu-item-1767\" class=\"menu-item menu-item-type-post_type menu-item-object-post menu-item-1767\"><a href=\"javascript:void(0);\" data-href=\"https:\/\/assamcongress.com\/tr\/islam-birligi-icin-musterek-adalet-sistemi-usul-ve-esaslarinin-tespiti\/\">KONGRE BEYANNAMES\u0130 \u201923<\/a><\/li>\n\t\t<li id=\"menu-item-1773\" class=\"menu-item menu-item-type-post_type menu-item-object-post menu-item-1773\"><a href=\"javascript:void(0);\" data-href=\"https:\/\/assamcongress.com\/tr\/kongre-oturumlar\/\">KONGRE OTURUMLARI \u201923<\/a><\/li>\n\t\t<li id=\"menu-item-1781\" class=\"menu-item menu-item-type-post_type menu-item-object-post menu-item-1781\"><a href=\"javascript:void(0);\" data-href=\"https:\/\/assamcongress.com\/tr\/ozet-kitapcigi\/\">KONGRE \u00d6ZET K\u0130TAP\u00c7I\u011eI \u201923<\/a><\/li>\n\t\t<li id=\"menu-item-1764\" class=\"menu-item menu-item-type-post_type menu-item-object-post menu-item-1764\"><a href=\"javascript:void(0);\" data-href=\"https:\/\/assamcongress.com\/tr\/yedinci-uluslararasi-assam-islam-birligi-kongresi-takvimi\/\">\u00d6NEML\u0130 TAR\u0130HLER<\/a><\/li>\n\t<\/ul>\n<\/li>\n\t<li id=\"menu-item-1738\" class=\"menu-item menu-item-type-custom menu-item-object-custom menu-item-has-children menu-item-1738\"><a>ASAY\u0130\u015e VE \u0130\u00c7 G\u00dcVENL\u0130K ORGAN\u0130ZASYONU \u20192022<\/a>\n\t<ul class=\"sub-menu\">\n\t\t<li id=\"menu-item-1739\" class=\"menu-item menu-item-type-post_type menu-item-object-post menu-item-1739\"><a href=\"javascript:void(0);\" data-href=\"https:\/\/assamcongress.com\/tr\/islam-birligi-icin-musterek-dis-politika-usul-ve-esaslarinin-tespiti\/\">KONGRE BEYANNAMES\u0130 \u201922<\/a><\/li>\n\t\t<li id=\"menu-item-1770\" class=\"menu-item menu-item-type-post_type menu-item-object-post menu-item-1770\"><a href=\"javascript:void(0);\" data-href=\"https:\/\/assamcongress.com\/tr\/kongre-bildirgesi\/\">KONGRE B\u0130LD\u0130RGES\u0130 \u201922<\/a><\/li>\n\t\t<li id=\"menu-item-1752\" class=\"menu-item menu-item-type-post_type menu-item-object-post menu-item-1752\"><a href=\"javascript:void(0);\" data-href=\"https:\/\/assamcongress.com\/tr\/kongre-oturumlar\/\">KONGRE OTURUMLARI \u201922<\/a><\/li>\n\t\t<li id=\"menu-item-1755\" class=\"menu-item menu-item-type-post_type menu-item-object-post menu-item-1755\"><a href=\"javascript:void(0);\" data-href=\"https:\/\/assamcongress.com\/tr\/ozet-kitapcigi\/\">KONGRE \u00d6ZET K\u0130TAP\u00c7I\u011eI \u201922<\/a><\/li>\n\t\t<li id=\"menu-item-1776\" class=\"menu-item menu-item-type-post_type menu-item-object-post menu-item-1776\"><a href=\"javascript:void(0);\" data-href=\"https:\/\/assamcongress.com\/tr\/bildiri-kitabi\/\">KONGRE B\u0130LD\u0130R\u0130 K\u0130TABI \u201922<\/a><\/li>\n\t\t<li id=\"menu-item-1745\" class=\"menu-item menu-item-type-post_type menu-item-object-post menu-item-1745\"><a href=\"javascript:void(0);\" data-href=\"https:\/\/assamcongress.com\/tr\/altinci-uluslararasi-assam-islam-birligi-kongresi-takvimi\/\">\u00d6NEML\u0130 TAR\u0130HLER<\/a><\/li>\n\t\t<li id=\"menu-item-1748\" class=\"menu-item menu-item-type-post_type menu-item-object-post menu-item-1748\"><a href=\"javascript:void(0);\" data-href=\"https:\/\/assamcongress.com\/tr\/tam-metin-ve-ozet-gonderim-formati\/\">TAM MET\u0130N VE \u00d6ZET YAZIM FORMATI<\/a><\/li>\n\t<\/ul>\n<\/li>\n\t<li id=\"menu-item-1713\" class=\"menu-item menu-item-type-custom menu-item-object-custom menu-item-has-children menu-item-1713\"><a>DI\u015e POL\u0130T\u0130KA STRATEJ\u0130LER\u0130 \u20192021<\/a>\n\t<ul class=\"sub-menu\">\n\t\t<li id=\"menu-item-1714\" class=\"menu-item menu-item-type-post_type menu-item-object-post menu-item-1714\"><a href=\"javascript:void(0);\" data-href=\"https:\/\/assamcongress.com\/tr\/islam-birligi-icin-musterek-dis-politika-usul-ve-esaslarinin-tespiti\/\">KONGRE BEYANNAMES\u0130 \u201921<\/a><\/li>\n\t\t<li id=\"menu-item-1731\" class=\"menu-item menu-item-type-post_type menu-item-object-post menu-item-1731\"><a href=\"javascript:void(0);\" data-href=\"https:\/\/assamcongress.com\/tr\/kongre-bildirgesi\/\">KONGRE B\u0130LD\u0130RGES\u0130 \u201921<\/a><\/li>\n\t\t<li id=\"menu-item-1725\" class=\"menu-item menu-item-type-post_type menu-item-object-post menu-item-1725\"><a href=\"javascript:void(0);\" data-href=\"https:\/\/assamcongress.com\/tr\/kongre-oturumlar\/\">KONGRE OTURUMLARI \u201921<\/a><\/li>\n\t\t<li id=\"menu-item-1734\" class=\"menu-item menu-item-type-post_type menu-item-object-post menu-item-1734\"><a href=\"javascript:void(0);\" data-href=\"https:\/\/assamcongress.com\/tr\/ozet-kitapcigi-2\/\">KONGRE \u00d6ZET K\u0130TAP\u00c7I\u011eI \u201921<\/a><\/li>\n\t\t<li id=\"menu-item-1737\" class=\"menu-item menu-item-type-post_type menu-item-object-post menu-item-1737\"><a href=\"javascript:void(0);\" data-href=\"https:\/\/assamcongress.com\/tr\/tam-metin-kitapcigi-2\/\">KONGRE B\u0130LD\u0130R\u0130 K\u0130TAP\u00c7I\u011eI \u201921<\/a><\/li>\n\t\t<li id=\"menu-item-1719\" class=\"menu-item menu-item-type-post_type menu-item-object-post menu-item-1719\"><a href=\"javascript:void(0);\" data-href=\"https:\/\/assamcongress.com\/tr\/besinci-uluslararasi-assam-islam-birligi-kongresi-takvimi\/\">\u00d6NEML\u0130 TAR\u0130HLER<\/a><\/li>\n\t\t<li id=\"menu-item-1722\" class=\"menu-item menu-item-type-post_type menu-item-object-post menu-item-1722\"><a href=\"javascript:void(0);\" data-href=\"https:\/\/assamcongress.com\/tr\/tam-metin-ve-ozet-gonderim-formati\/\">TAM MET\u0130N VE \u00d6ZET YAZIM FORMATI<\/a><\/li>\n\t<\/ul>\n<\/li>\n\t<li id=\"menu-item-1668\" class=\"menu-item menu-item-type-custom menu-item-object-custom menu-item-has-children menu-item-1668\"><a>ORTAK SAVUNMA S\u0130STEM\u0130 \u20192020<\/a>\n\t<ul class=\"sub-menu\">\n\t\t<li id=\"menu-item-1669\" class=\"menu-item menu-item-type-post_type menu-item-object-post menu-item-1669\"><a href=\"javascript:void(0);\" data-href=\"https:\/\/assamcongress.com\/tr\/asrika-konfederasyonu-savunma-sistemi\/\">KONGRE BEYANNAMES\u0130 \u201920<\/a><\/li>\n\t\t<li id=\"menu-item-1707\" class=\"menu-item menu-item-type-post_type menu-item-object-post menu-item-1707\"><a href=\"javascript:void(0);\" data-href=\"https:\/\/assamcongress.com\/tr\/iv-uluslararasi-assam-islam-birligi-kongre-bildirgesi\/\">KONGRE B\u0130LD\u0130RGES\u0130 \u201920<\/a><\/li>\n\t\t<li id=\"menu-item-1677\" class=\"menu-item menu-item-type-post_type menu-item-object-post menu-item-1677\"><a href=\"javascript:void(0);\" data-href=\"https:\/\/assamcongress.com\/tr\/kongre-ana-konulari-2\/\">KONGRE ANA KONULARI \u201920<\/a><\/li>\n\t\t<li id=\"menu-item-1678\" class=\"menu-item menu-item-type-post_type menu-item-object-post menu-item-1678\"><a href=\"javascript:void(0);\" data-href=\"https:\/\/assamcongress.com\/tr\/asrika-konfederasyonu-savunma-sistemi-programi\/\">KONGRE OTURUMLARI \u201920<\/a><\/li>\n\t\t<li id=\"menu-item-1698\" class=\"menu-item menu-item-type-post_type menu-item-object-post menu-item-1698\"><a href=\"javascript:void(0);\" data-href=\"https:\/\/assamcongress.com\/tr\/iv-kongre-acis-konusmasi\/\">ADNAN TANRIVERD\u0130 A\u00c7I\u015e KONU\u015eMASI<\/a><\/li>\n\t\t<li id=\"menu-item-1701\" class=\"menu-item menu-item-type-post_type menu-item-object-post menu-item-1701\"><a href=\"javascript:void(0);\" data-href=\"https:\/\/assamcongress.com\/tr\/asrika-islam-devletleri-birligi-savunma-organizasyonu-bildirisi\/\">ASR\u0130KA \u0130SLAM DEVLETLER\u0130 B\u0130RL\u0130\u011e\u0130 SAVUNMA ORGAN\u0130ZASYONU B\u0130LD\u0130R\u0130S\u0130<\/a><\/li>\n\t\t<li id=\"menu-item-2958\" class=\"menu-item menu-item-type-post_type menu-item-object-post menu-item-2958\"><a href=\"javascript:void(0);\" data-href=\"https:\/\/assamcongress.com\/tr\/4uncu-uluslararasi-assam-islam-birligi-kongresi-bildirileri-ozet-kitapcigi-yayinlandi\/\">KONGRE \u00d6ZET K\u0130TAP\u00c7I\u011eI \u201920<\/a><\/li>\n\t\t<li id=\"menu-item-1710\" class=\"menu-item menu-item-type-post_type menu-item-object-post menu-item-1710\"><a href=\"javascript:void(0);\" data-href=\"https:\/\/assamcongress.com\/tr\/4-uncu-ua-assam-islam-birligi-kongresi-bildiri-kitapcigi-yayinlandi\/\">KONGRE B\u0130LD\u0130R\u0130 K\u0130TAP\u00c7I\u011eI \u201920<\/a><\/li>\n\t\t<li id=\"menu-item-2120\" class=\"menu-item menu-item-type-taxonomy menu-item-object-category menu-item-2120\"><a href=\"javascript:void(0);\" data-href=\"https:\/\/assamcongress.com\/tr\/category\/4th-congress-videos-tr\/\">KONGRE V\u0130DEOLARI \u201920<\/a><\/li>\n\t\t<li id=\"menu-item-1704\" class=\"menu-item menu-item-type-post_type menu-item-object-post menu-item-1704\"><a href=\"javascript:void(0);\" data-href=\"https:\/\/assamcongress.com\/tr\/4uncu-uluslararasi-assam-islam-birligi-kongresi-icra-edildi\/\">\u0130CRA ED\u0130LD\u0130<\/a><\/li>\n\t\t<li id=\"menu-item-1670\" class=\"menu-item menu-item-type-post_type menu-item-object-post menu-item-1670\"><a href=\"javascript:void(0);\" data-href=\"https:\/\/assamcongress.com\/tr\/dorduncu-uluslararasi-assam-islam-birligi-kongresi-takvimi\/\">\u00d6NEML\u0130 TAR\u0130HLER<\/a><\/li>\n\t\t<li id=\"menu-item-1694\" class=\"menu-item menu-item-type-post_type menu-item-object-post menu-item-1694\"><a href=\"javascript:void(0);\" data-href=\"https:\/\/assamcongress.com\/tr\/duyuru\/\">4. KONGRE TELEKONFERANS Y\u00d6NTEM\u0130 DUYURUSU<\/a><\/li>\n\t\t<li id=\"menu-item-1691\" class=\"menu-item menu-item-type-post_type menu-item-object-post menu-item-1691\"><a href=\"javascript:void(0);\" data-href=\"https:\/\/assamcongress.com\/tr\/tam-metin-ve-ozet-gonderim-formati\/\">TAM MET\u0130N VE \u00d6ZET YAZIM FORMATI<\/a><\/li>\n\t<\/ul>\n<\/li>\n\t<li id=\"menu-item-1638\" class=\"menu-item menu-item-type-custom menu-item-object-custom menu-item-has-children menu-item-1638\"><a>SAVUNMA SANAY\u0130 \u0130\u015eB\u0130RL\u0130\u011e\u0130 \u20192019<\/a>\n\t<ul class=\"sub-menu\">\n\t\t<li id=\"menu-item-1639\" class=\"menu-item menu-item-type-post_type menu-item-object-post menu-item-1639\"><a href=\"javascript:void(0);\" data-href=\"https:\/\/assamcongress.com\/tr\/islam-birligi-icin-savunma-sanayi-isbirligi-usul-ve-esaslari\/\">KONGRE BEYANNAMES\u0130 \u201919<\/a><\/li>\n\t\t<li id=\"menu-item-1644\" class=\"menu-item menu-item-type-post_type menu-item-object-post menu-item-1644\"><a href=\"javascript:void(0);\" data-href=\"https:\/\/assamcongress.com\/tr\/islam-birligi-icin-assam-islam-ulkeleri-konfederasyonu-deklarasyonu-iii\/\">KONGRE B\u0130LD\u0130RGES\u0130 \u201919<\/a><\/li>\n\t\t<li id=\"menu-item-1655\" class=\"menu-item menu-item-type-post_type menu-item-object-post menu-item-1655\"><a href=\"javascript:void(0);\" data-href=\"https:\/\/assamcongress.com\/tr\/asrika-ortak-savunma-sanayi-uretimi-kongre-programi\/\">KONGRE OTURUMLAR \u201919<\/a><\/li>\n\t\t<li id=\"menu-item-1652\" class=\"menu-item menu-item-type-post_type menu-item-object-post menu-item-1652\"><a href=\"javascript:void(0);\" data-href=\"https:\/\/assamcongress.com\/tr\/kongre-ana-konulari\/\">KONGRE ANA KONULARI \u201919<\/a><\/li>\n\t\t<li id=\"menu-item-2119\" class=\"menu-item menu-item-type-taxonomy menu-item-object-category menu-item-2119\"><a href=\"javascript:void(0);\" data-href=\"https:\/\/assamcongress.com\/tr\/category\/3nd-congress-tr\/3nd-congress-videos-tr\/\">KONGRE V\u0130DEOLARI \u201919<\/a><\/li>\n\t\t<li id=\"menu-item-3040\" class=\"menu-item menu-item-type-post_type menu-item-object-post menu-item-3040\"><a href=\"javascript:void(0);\" data-href=\"https:\/\/assamcongress.com\/tr\/3-kongre\/\">KONGRE RES\u0130M GALER\u0130S\u0130 \u201919<\/a><\/li>\n\t\t<li id=\"menu-item-1665\" class=\"menu-item menu-item-type-post_type menu-item-object-post menu-item-1665\"><a href=\"javascript:void(0);\" data-href=\"https:\/\/assamcongress.com\/tr\/3uncu-uluslararasi-assam-islam-birligi-kongresi-bildirileri-ozet-kitapcigi-yayinlandi\/\">KONGRE \u00d6ZET K\u0130TAP\u00c7I\u011eI \u201919<\/a><\/li>\n\t\t<li id=\"menu-item-1688\" class=\"menu-item menu-item-type-post_type menu-item-object-post menu-item-1688\"><a href=\"javascript:void(0);\" data-href=\"https:\/\/assamcongress.com\/tr\/3-uncu-uluslararasi-assam-islam-birligi-kongresi-bildiriler-kitabi-yayinlandi\/\">KONGRE B\u0130LD\u0130R\u0130 K\u0130TAP\u00c7I\u011eI \u201919<\/a><\/li>\n\t\t<li id=\"menu-item-1659\" class=\"menu-item menu-item-type-post_type menu-item-object-post menu-item-1659\"><a href=\"javascript:void(0);\" data-href=\"https:\/\/assamcongress.com\/tr\/basin-duyurusu\/\">BASIN DUYURUSU<\/a><\/li>\n\t\t<li id=\"menu-item-1650\" class=\"menu-item menu-item-type-post_type menu-item-object-post menu-item-1650\"><a href=\"javascript:void(0);\" data-href=\"https:\/\/assamcongress.com\/tr\/ucuncu-uluslararasi-assam-islam-birligi-kongresi-takvimi\/\">\u00d6NEML\u0130 TAR\u0130HLER<\/a><\/li>\n\t\t<li id=\"menu-item-2121\" class=\"menu-item menu-item-type-taxonomy menu-item-object-category menu-item-2121\"><a href=\"javascript:void(0);\" data-href=\"https:\/\/assamcongress.com\/tr\/category\/3nd-congress-tr\/kongre-tanitim-roportajlari-tr\/\">Kongre Tan\u0131t\u0131m R\u00f6portajlar\u0131 \u201919<\/a><\/li>\n\t<\/ul>\n<\/li>\n\t<li id=\"menu-item-1603\" class=\"menu-item menu-item-type-custom menu-item-object-custom menu-item-has-children menu-item-1603\"><a>EKONOM\u0130 \u0130\u015eB\u0130RL\u0130\u011e\u0130 USUL VE ESASLARI \u20192018<\/a>\n\t<ul class=\"sub-menu\">\n\t\t<li id=\"menu-item-1607\" class=\"menu-item menu-item-type-post_type menu-item-object-post menu-item-1607\"><a href=\"javascript:void(0);\" data-href=\"https:\/\/assamcongress.com\/tr\/islam-ekonomisi-ve-ortak-ekonomik-sistemler\/\">KONGRE BEYANNAMES\u0130 \u201918<\/a><\/li>\n\t\t<li id=\"menu-item-1633\" class=\"menu-item menu-item-type-post_type menu-item-object-post menu-item-1633\"><a href=\"javascript:void(0);\" data-href=\"https:\/\/assamcongress.com\/tr\/islam-birligi-icin-assam-islam-ulkeleri-konfederasyonu-deklarasyonu-ii\/\">KONGRE B\u0130LD\u0130RGES\u0130 \u201918<\/a><\/li>\n\t\t<li id=\"menu-item-1608\" class=\"menu-item menu-item-type-post_type menu-item-object-post menu-item-1608\"><a href=\"javascript:void(0);\" data-href=\"https:\/\/assamcongress.com\/tr\/islam-ekonomisi-ve-ortak-ekonomik-sistemler-kongre-programi\/\">KONGRE OTURUMLARI  \u201918<\/a><\/li>\n\t\t<li id=\"menu-item-2122\" class=\"menu-item menu-item-type-taxonomy menu-item-object-category menu-item-2122\"><a href=\"javascript:void(0);\" data-href=\"https:\/\/assamcongress.com\/tr\/category\/2nd-congress-videos\/\">KONGRE V\u0130DEOLARI \u201918<\/a><\/li>\n\t\t<li id=\"menu-item-3041\" class=\"menu-item menu-item-type-post_type menu-item-object-post menu-item-3041\"><a href=\"javascript:void(0);\" data-href=\"https:\/\/assamcongress.com\/tr\/2-assam-kongresi\/\">KONGRE RES\u0130M GALER\u0130S\u0130 \u201918<\/a><\/li>\n\t\t<li id=\"menu-item-1627\" class=\"menu-item menu-item-type-post_type menu-item-object-post menu-item-1627\"><a href=\"javascript:void(0);\" data-href=\"https:\/\/assamcongress.com\/tr\/kongre-ana-konulari\/\">KONGRE ANA KONULARI \u201918<\/a><\/li>\n\t\t<li id=\"menu-item-1728\" class=\"menu-item menu-item-type-post_type menu-item-object-post menu-item-1728\"><a href=\"javascript:void(0);\" data-href=\"https:\/\/assamcongress.com\/tr\/kongre-ozet-kitapcigi\/\">KONGRE \u00d6ZET K\u0130TAP\u00c7I\u011eI \u201918<\/a><\/li>\n\t<\/ul>\n<\/li>\n\t<li id=\"menu-item-1596\" class=\"menu-item menu-item-type-custom menu-item-object-custom menu-item-has-children menu-item-1596\"><a>Y\u00d6NET\u0130M \u015eEK\u0130L VE ORGANLARI \u20192017<\/a>\n\t<ul class=\"sub-menu\">\n\t\t<li id=\"menu-item-1604\" class=\"menu-item menu-item-type-post_type menu-item-object-post menu-item-1604\"><a href=\"javascript:void(0);\" data-href=\"https:\/\/assamcongress.com\/tr\/islam-birligi-icin-assam-islam-ulkeleri-konfederasyonu-deklarasyonu\/\">KONGRE B\u0130LD\u0130RGES\u0130 \u201917<\/a><\/li>\n\t\t<li id=\"menu-item-1605\" class=\"menu-item menu-item-type-post_type menu-item-object-post menu-item-1605\"><a href=\"javascript:void(0);\" data-href=\"https:\/\/assamcongress.com\/tr\/1nci-uluslararasi-assam-islam-birligi-kongresi-bildirileri-ozet-kitapcigi-yayinlandi\/\">KONGRE \u00d6ZET K\u0130TAP\u00c7I\u011eI \u201917<\/a><\/li>\n\t\t<li id=\"menu-item-1624\" class=\"menu-item menu-item-type-post_type menu-item-object-post menu-item-1624\"><a href=\"javascript:void(0);\" data-href=\"https:\/\/assamcongress.com\/tr\/konfederasyon-model-anayasasi\/\">MODEL KONFEDERASYON ANAYASASI<\/a><\/li>\n\t\t<li id=\"menu-item-1630\" class=\"menu-item menu-item-type-post_type menu-item-object-post menu-item-1630\"><a href=\"javascript:void(0);\" data-href=\"https:\/\/assamcongress.com\/tr\/bir-bakista-gecmisten-gelecege-yonetim-bicimleri-kongresi-17\/\">SAYILARLA KONGRE \u201917<\/a><\/li>\n\t\t<li id=\"menu-item-3088\" class=\"menu-item menu-item-type-post_type menu-item-object-post menu-item-3088\"><a href=\"javascript:void(0);\" data-href=\"https:\/\/assamcongress.com\/tr\/speakers-17\/\">KONU\u015eMACILAR<\/a><\/li>\n\t\t<li id=\"menu-item-3045\" class=\"menu-item menu-item-type-taxonomy menu-item-object-category menu-item-3045\"><a href=\"javascript:void(0);\" data-href=\"https:\/\/assamcongress.com\/tr\/category\/congress-17-image-gallery-tr\/\">KONGRE RES\u0130M GALER\u0130S\u0130 \u201917<\/a><\/li>\n\t\t<li id=\"menu-item-2118\" class=\"menu-item menu-item-type-taxonomy menu-item-object-category menu-item-2118\"><a href=\"javascript:void(0);\" data-href=\"https:\/\/assamcongress.com\/tr\/category\/1st-congress-videos-tr\/\">KONGRE V\u0130DEOLARI \u201917<\/a><\/li>\n\t<\/ul>\n<\/li>\n<\/ul>\n<\/li>\n<\/ul><\/div>\n\t\t\t\t<div>\n\t\t\t\t\t<div class=\"gutenverse-nav-identity-panel\">\n\t\t\t\t\t\t<div class=\"gutenverse-nav-site-title\">\n\t\t\t\t\t\t\t<a href=\"https:\/\/assamcongress.com\/tr\/\" class=\"gutenverse-nav-logo\"><img decoding=\"async\" src=\"https:\/\/assamcongress.com\/wp-content\/uploads\/2025\/09\/white-stagez.png\" alt=\"ASSAM Congress - Adaleti Savunanlar Stratejik Ara\u015ft\u0131rmalar Merkezi\"><\/a>\n\t\t\t\t\t\t<\/div>\n\t\t\t\t\t\t<button class=\"gutenverse-close-menu\"><i aria-hidden=\"true\" class=\"gtn gtn-times-solid\"><\/i><\/button>\n\t\t\t\t\t<\/div>\n\t\t\t\t<\/div>\n\t\t\t<\/div>\n\t\t<\/div><\/div><\/div>\n<\/div><\/section><\/div>\n\n\n\n<div class=\"section-wrapper\" data-id=\"pExfsh\"><section class=\"wp-block-gutenverse-section guten-element guten-section guten-pExfsh layout-boxed align-stretch\"><div class=\"guten-background-overlay\"><\/div><div class=\"guten-container guten-column-gap-no\">\n<div class=\"wp-block-gutenverse-column guten-element guten-column guten-1ZEPGd\"><div class=\"guten-column-wrapper\" data-id=\"1ZEPGd\">\n<div class=\"section-wrapper\" data-id=\"k9jOSs\"><section class=\"wp-block-gutenverse-section guten-element guten-section guten-k9jOSs layout-fullwidth align-stretch\"><div class=\"guten-container guten-column-gap-no\">\n<div class=\"wp-block-gutenverse-column guten-element guten-column guten-KsWHzi\"><div class=\"guten-column-wrapper\" data-id=\"KsWHzi\">\n<h1 class=\"wp-block-gutenverse-heading guten-element guten-spARq5\">ASSAM\u00a0ULUSLARARASI KONGRELER\u0130<\/h1>\n\n\n\n<p class=\"has-theme-1-color has-text-color has-link-color has-medium-font-size wp-elements-f1b62f649145a0765c2026bf36e68cf4\"><br>AMACI; \u0130SLAM \u00dcLKELER\u0130 CO\u011eRAFYASI BA\u015eTA OLMAK \u00dcZERE D\u00dcNYA S\u0130YASET\u0130NDE G\u00dcNCEL SORUNLARLA \u0130LG\u0130L\u0130 OLARAK AKADEM\u0130K VE S\u0130YASAL B\u0130R ZEM\u0130N \u00dcZER\u0130NDE TESP\u0130TLER YAPMAK VE KARAR VER\u0130C\u0130LERE \u00c7\u00d6Z\u00dcM \u00d6NER\u0130LER\u0130 SUNMAKTIR.<br><\/p>\n<\/div><\/div>\n<\/div><\/section><\/div>\n\n\n\n<div class=\"section-wrapper\" data-id=\"2I7Ap7\"><section class=\"wp-block-gutenverse-section guten-element guten-section guten-2I7Ap7 layout-fullwidth align-stretch\"><div class=\"guten-container guten-column-gap-no\">\n<div class=\"wp-block-gutenverse-column guten-element guten-column guten-O4XY8R\"><div class=\"guten-column-wrapper\" data-id=\"O4XY8R\">\n<div class=\"guten-element guten-button-wrapper guten-3ZWoYj\"><a class=\"guten-button guten-button-sm\" href=\"https:\/\/assamcongress.com\/tr\/bildiri-gonderimi\/\"><span>Bildiri G\u00f6nderin<\/span><\/a><\/div>\n\n\n\n<div class=\"guten-element guten-wrap-helper no-margin guten-hV2npl inline with-url\" onclick=\"window.open('#video', '_self');\"><div class=\"guten-inner-wrap\" data-id=\"hV2npl\"><\/div><\/div>\n<\/div><\/div>\n<\/div><\/section><\/div>\n<\/div><\/div>\n\n\n\n<div class=\"wp-block-gutenverse-column guten-element guten-column guten-Gfcuz6\"><div class=\"guten-column-wrapper\" data-id=\"Gfcuz6\">\n<div class=\"section-wrapper\" data-id=\"74spOO\"><section class=\"wp-block-gutenverse-section guten-element guten-section guten-74spOO layout-fullwidth align-stretch\"><div class=\"guten-container guten-column-gap-no\">\n<div class=\"wp-block-gutenverse-column guten-element guten-column guten-dDhtbN\"><div class=\"guten-column-wrapper\" data-id=\"dDhtbN\">\n<p class=\"has-text-align-center\"><\/p>\n\n\n\n<div class=\"wp-block-group is-nowrap is-layout-flex wp-container-core-group-is-layout-6c531013 wp-block-group-is-layout-flex\">\n<h6 class=\"wp-block-gutenverse-heading guten-element guten-Njs6CB\"><strong>AVRUPA VE ORTA ASYA B\u00d6LGES\u0130 KR\u0130ZLER\u0130NE \u00c7\u00d6Z\u00dcM ARAYI\u015eI KONGRES\u0130 BA\u015eARIYLA \u0130CRA ED\u0130LM\u0130\u015eT\u0130R<\/strong><\/h6>\n\n\n\n<p class=\"has-text-align-center has-theme-1-color has-text-color has-link-color has-x-large-font-size wp-elements-7652b495f9e3f05e6793a1853f024e5e\"><br><\/p>\n<\/div>\n\n\n\n<div class=\"guten-element guten-countdown guten-dVyIBv\" data-duedate=\"[&quot;2025-11-08T07:00:00.000Z&quot;]\" data-expired=\"{&quot;action&quot;:&quot;none&quot;}\"><div class=\"guten-countdown-wrapper\"><\/div><\/div>\n\n\n\n<div class=\"wp-block-group is-content-justification-center is-nowrap is-layout-flex wp-container-core-group-is-layout-23441af8 wp-block-group-is-layout-flex\">\n<p><\/p>\n<\/div>\n<\/div><\/div>\n<\/div><\/section><\/div>\n<\/div><\/div>\n<\/div><\/section><\/div>\n\n\n\n<div class=\"section-wrapper\" data-id=\"nZaYPy\"><section class=\"wp-block-gutenverse-section guten-element guten-section guten-nZaYPy layout-boxed align-stretch\"><div class=\"guten-container guten-column-gap-no\"><\/div><\/section><\/div>\n\n\n\n<div class=\"section-wrapper\" data-id=\"C13GdZ\"><section class=\"wp-block-gutenverse-section guten-element guten-section guten-C13GdZ layout-boxed align-stretch overflow-hidden\"><div class=\"guten-container guten-column-gap-no\">\n<div class=\"wp-block-gutenverse-column guten-element guten-column guten-WFOgEQ animated guten-element-hide desktop-fadeInUp\"><div class=\"guten-column-wrapper\" data-id=\"WFOgEQ\">\n<div class=\"wp-block-gutenverse-image guten-element guten-image guten-M1JvIm\"><div class=\"guten-image-wrapper\"><img loading=\"lazy\" decoding=\"async\" class=\"gutenverse-image-box-filled\" src=\"https:\/\/assamcongress.com\/wp-content\/uploads\/2025\/09\/creative-2.png\" height=\"247\" width=\"493\"\/><\/div><\/div>\n<\/div><\/div>\n\n\n\n<div class=\"wp-block-gutenverse-column guten-element guten-column guten-yJ5gVm\"><div class=\"guten-column-wrapper\" data-id=\"yJ5gVm\">\n<h2 class=\"wp-block-gutenverse-heading guten-element guten-ErJVSg animated guten-element-hide desktop-fadeInRight\">KONGRELER\u00a0HAKKINDA<\/h2>\n\n\n\n<div class=\"guten-element gutenverse-text-editor guten-olDFTb animated guten-element-hide desktop-fadeInRight\"><div class=\"text-content-inner\">\n<p><strong>ASSAM Kongreleri;<\/strong>&nbsp;\u0130slam \u00dclkeleri Co\u011frafyas\u0131 ba\u015fta olmak \u00fczere d\u00fcnya siyasetinde g\u00fcncel sorunlarla ilgili olarak akademik ve siyasal bir zemin \u00fczerinde tespitler yapmak; uluslararas\u0131, b\u00f6lgesel ve yerel krizlere \u00e7\u00f6z\u00fcm \u00f6nerileri getirmek; \u0130sl\u00e2m \u00dclkelerinin bir irade alt\u0131nda toplanmas\u0131 i\u00e7in gerekli m\u00fcesseseleri belirlemek ve bu m\u00fcesseseler i\u00e7in gerekli mevzuat modelleri olu\u015fturmak;&nbsp;<strong>\u0130slam D\u00fcnyas\u0131na ve karar vericilere bir hal tarz\u0131 sunmak amac\u0131ndad\u0131r.<\/strong><br><br><\/p>\n\n\n\n<p>ASR\u0130KA \u0130slam Birli\u011fi Modeli Uluslararas\u0131 Kongrelerinin, birinci Serisi 2017 \u2013 2023 y\u0131llar\u0131 aras\u0131nda yedi uluslararas\u0131 kongre serisi olarak icra edilmi\u015ftir.<br><br><\/p>\n\n\n\n<p>2024 \u2013 2027 y\u0131llar\u0131nda icra edilecek ikinci kongre serisine&nbsp;<strong>ASR\u0130KA \u0130slam Birli\u011fi Modeli Krizlere \u00c7\u00f6z\u00fcm Aray\u0131\u015f\u0131 Kongre Serisi<\/strong>&nbsp;ad\u0131 verilmi\u015ftir.<\/p>\n<\/div><\/div>\n\n\n\n<div class=\"guten-element guten-button-wrapper guten-DsCevP\"><a class=\"guten-button animated guten-element-hide desktop-fadeInRight guten-button-sm\" href=\"https:\/\/assamcongress.com\/tr\/avrupa-ve-orta-asya-bolgesi-krizlerine-cozum-arayisi-2025-kongre-ana-temasi\/\"><span>Detaylar \u0130\u00e7in T\u0131klay\u0131n\u0131z<\/span><\/a><\/div>\n<\/div><\/div>\n<\/div><\/section><\/div>\n\n\n\n<div class=\"section-wrapper\" data-id=\"gC2gy0\"><section class=\"wp-block-gutenverse-section guten-element guten-section guten-gC2gy0 layout-boxed align-stretch\"><div class=\"guten-container guten-column-gap-no\">\n<div class=\"wp-block-gutenverse-column guten-element guten-column guten-poZg4c\"><div class=\"guten-column-wrapper\" data-id=\"poZg4c\">\n<h2 class=\"wp-block-gutenverse-heading guten-element guten-2CmlVI animated guten-element-hide desktop-fadeInUp\">A\u00c7I\u015e KONU\u015eMALARI<\/h2>\n\n\n\n<div class=\"section-wrapper\" data-id=\"fBpwKF\"><section class=\"wp-block-gutenverse-section guten-element guten-section guten-fBpwKF layout-fullwidth align-stretch\"><div class=\"guten-container guten-column-gap-no\">\n<div class=\"wp-block-gutenverse-column guten-element guten-column guten-q7mw8D animated guten-element-hide desktop-fadeInUp\"><div class=\"guten-column-wrapper\" data-id=\"q7mw8D\">\n<div class=\"wp-block-gutenverse-team guten-element guten-team guten-GN7xNs\"><div class=\"profile-box\"><div class=\"profile-card card-overlay default\"><img decoding=\"async\" src=\"https:\/\/assamcongress.com\/download\/Resim2-1.png\" alt=\"\"\/><div class=\"profile-body bottom\"><h3 class=\"profile-title \" aria-label=\"Profile Name\"><\/h3><p class=\"profile-sub\" aria-label=\"Profile Job\"><\/p><div class=\"socials-wrapper\">\n<div class=\"guten-element guten-social-icons guten-9ZPzCf rounded horizontal fill\">\n<div class=\"guten-element guten-social-icon guten-g2vJbX wordpress\"><a id=\"guten-g2vJbX\"><i class=\"fab fa-wordpress\"><\/i><\/a><\/div>\n<\/div>\n<\/div><\/div><\/div><\/div><\/div>\n\n\n\n<div class=\"guten-element guten-advanced-heading guten-c7eENY\"><div class=\"heading-section \"><h2 class=\"heading-title\"><span class=\"heading-title\"><\/span><span class=\"heading-focus\">Melih Tanr\u0131verdi <\/span><\/h2><\/div><span class=\"heading-subtitle\">ASSAM Ba\u015fkan\u0131<\/span><\/div>\n<\/div><\/div>\n<\/div><\/section><\/div>\n\n\n\n<div class=\"section-wrapper\" data-id=\"0Zt1Gx\"><section class=\"wp-block-gutenverse-section guten-element guten-section guten-0Zt1Gx layout-fullwidth align-stretch\"><div class=\"guten-container guten-column-gap-no\">\n<div class=\"wp-block-gutenverse-column guten-element guten-column guten-OsPTmT animated guten-element-hide desktop-fadeInUp\"><div class=\"guten-column-wrapper\" data-id=\"OsPTmT\">\n<div class=\"wp-block-gutenverse-team guten-element guten-team guten-LPBaxP\"><div class=\"profile-box\"><div class=\"profile-card card-overlay default\"><img decoding=\"async\" src=\"https:\/\/assamcongress.com\/download\/basknoslkdu.png\" alt=\"\"\/><div class=\"profile-body bottom\"><h3 class=\"profile-title \" aria-label=\"Profile Name\"><\/h3><p class=\"profile-sub\" aria-label=\"Profile Job\"><\/p><div class=\"socials-wrapper\">\n<div class=\"guten-element guten-social-icons guten-OTm4nX rounded horizontal fill\">\n<div class=\"guten-element guten-social-icon guten-YzIGXf wordpress\"><a id=\"guten-YzIGXf\"><i class=\"fab fa-wordpress\"><\/i><\/a><\/div>\n<\/div>\n<\/div><\/div><\/div><\/div><\/div>\n\n\n\n<div class=\"guten-element guten-advanced-heading guten-VHZd0l\"><div class=\"heading-section \"><h2 class=\"heading-title\"><span class=\"heading-title\"><\/span><span class=\"heading-focus\">Osama Mahjoob<\/span><\/h2><\/div><span class=\"heading-subtitle\">Sudan \u0130stanbul Genel Konsolosu<\/span><\/div>\n<\/div><\/div>\n\n\n\n<div class=\"wp-block-gutenverse-column guten-element guten-column guten-u6sjDm animated guten-element-hide desktop-fadeInUp\"><div class=\"guten-column-wrapper\" data-id=\"u6sjDm\">\n<div class=\"wp-block-gutenverse-team guten-element guten-team guten-tI8hC9\"><div class=\"profile-box\"><div class=\"profile-card card-overlay default\"><img decoding=\"async\" src=\"https:\/\/assamcongress.com\/download\/Prof.-Dr.-Ensar-Nisanci-scaled.jpg\" alt=\"\"\/><div class=\"profile-body bottom\"><h3 class=\"profile-title \" aria-label=\"Profile Name\"><\/h3><p class=\"profile-sub\" aria-label=\"Profile Job\"><\/p><div class=\"socials-wrapper\">\n<div class=\"guten-element guten-social-icons guten-fWDYv4 rounded horizontal fill\">\n<div class=\"guten-element guten-social-icon guten-6kgG3b wordpress\"><a id=\"guten-6kgG3b\"><i class=\"fab fa-wordpress\"><\/i><\/a><\/div>\n<\/div>\n<\/div><\/div><\/div><\/div><\/div>\n\n\n\n<div class=\"guten-element guten-advanced-heading guten-d1nCgo\"><div class=\"heading-section \"><h2 class=\"heading-title\"><span class=\"heading-title\"><\/span><span class=\"heading-focus\">Prof. Dr. Ensar Ni\u015fanc\u0131<\/span><\/h2><\/div><span class=\"heading-subtitle\">Akademisyen &#038; Ara\u015ft\u0131rmac\u0131, Tekirda\u011f Nam\u0131k Kemal \u00dcniversitesi<\/span><\/div>\n<\/div><\/div>\n\n\n\n<div class=\"wp-block-gutenverse-column guten-element guten-column guten-JZmSdy animated guten-element-hide desktop-fadeInUp\"><div class=\"guten-column-wrapper\" data-id=\"JZmSdy\">\n<div class=\"wp-block-gutenverse-team guten-element guten-team guten-D0fAn8\"><div class=\"profile-box\"><div class=\"profile-card card-overlay default\"><img decoding=\"async\" src=\"https:\/\/assamcongress.com\/download\/erhanicener.jpg\" alt=\"\"\/><div class=\"profile-body bottom\"><h3 class=\"profile-title \" aria-label=\"Profile Name\"><\/h3><p class=\"profile-sub\" aria-label=\"Profile Job\"><\/p><div class=\"socials-wrapper\">\n<div class=\"guten-element guten-social-icons guten-Kv1ScJ rounded horizontal fill\">\n<div class=\"guten-element guten-social-icon guten-CKfYPP wordpress\"><a id=\"guten-CKfYPP\"><i class=\"fab fa-wordpress\"><\/i><\/a><\/div>\n<\/div>\n<\/div><\/div><\/div><\/div><\/div>\n\n\n\n<div class=\"guten-element guten-advanced-heading guten-uudzJD\"><div class=\"heading-section \"><h2 class=\"heading-title\"><span class=\"heading-title\"><\/span><span class=\"heading-focus\">Prof. Dr. Erhan \u0130\u00e7ener<\/span><\/h2><\/div><span class=\"heading-subtitle\">Istanbul Sabahattin Zaim \u00dcniversitesi Rekt\u00f6r Yard\u0131mc\u0131s\u0131<\/span><\/div>\n<\/div><\/div>\n\n\n\n<div class=\"wp-block-gutenverse-column guten-element guten-column guten-8lMcAd animated guten-element-hide desktop-fadeInUp\"><div class=\"guten-column-wrapper\" data-id=\"8lMcAd\">\n<div class=\"wp-block-gutenverse-team guten-element guten-team guten-9XY0Qe\"><div class=\"profile-box\"><div class=\"profile-card card-overlay default\"><img decoding=\"async\" src=\"https:\/\/assamcongress.com\/download\/yy.webp\" alt=\"\"\/><div class=\"profile-body bottom\"><h3 class=\"profile-title \" aria-label=\"Profile Name\"><\/h3><p class=\"profile-sub\" aria-label=\"Profile Job\"><\/p><div class=\"socials-wrapper\">\n<div class=\"guten-element guten-social-icons guten-vxARMC rounded horizontal fill\">\n<div class=\"guten-element guten-social-icon guten-uy3ht3 wordpress\"><a id=\"guten-uy3ht3\"><i class=\"fab fa-wordpress\"><\/i><\/a><\/div>\n<\/div>\n<\/div><\/div><\/div><\/div><\/div>\n\n\n\n<div class=\"guten-element guten-advanced-heading guten-lEzjCI\"><div class=\"heading-section \"><h2 class=\"heading-title\"><span class=\"heading-title\"><\/span><span class=\"heading-focus\">Av. \u0130smail Tu\u011frul <\/span><\/h2><\/div><span class=\"heading-subtitle\">TGTV<br>Y\u00f6netim Kurulu Ba\u015fkan\u0131<\/span><\/div>\n<\/div><\/div>\n\n\n\n<div class=\"wp-block-gutenverse-column guten-element guten-column guten-z06B8X animated guten-element-hide desktop-fadeInUp\"><div class=\"guten-column-wrapper\" data-id=\"z06B8X\">\n<div class=\"wp-block-gutenverse-team guten-element guten-team guten-dd2eKA\"><div class=\"profile-box\"><div class=\"profile-card card-overlay default\"><img decoding=\"async\" src=\"https:\/\/assamcongress.com\/download\/Prof.-Dr.-Ashraf-Abdel-Rafea-Al-Darfaili-1.webp\" alt=\"\"\/><div class=\"profile-body bottom\"><h3 class=\"profile-title \" aria-label=\"Profile Name\"><\/h3><p class=\"profile-sub\" aria-label=\"Profile Job\"><\/p><div class=\"socials-wrapper\">\n<div class=\"guten-element guten-social-icons guten-Dlwh9p rounded horizontal fill\">\n<div class=\"guten-element guten-social-icon guten-qtkhON wordpress\"><a id=\"guten-qtkhON\"><i class=\"fab fa-wordpress\"><\/i><\/a><\/div>\n<\/div>\n<\/div><\/div><\/div><\/div><\/div>\n\n\n\n<div class=\"guten-element guten-advanced-heading guten-K3ZTSX\"><div class=\"heading-section \"><h2 class=\"heading-title\"><span class=\"heading-title\"><\/span><span class=\"heading-focus\">Prof. Dr. Ashraf Abdel Rafea Al Darfaili <\/span><\/h2><\/div><span class=\"heading-subtitle\">UAAU<br>AfroAsya \u00dcniversiteler Birli\u011fi M\u00fcd\u00fcr\u00fc<\/span><\/div>\n<\/div><\/div>\n<\/div><\/section><\/div>\n\n\n\n<div class=\"section-wrapper\" data-id=\"ELqiPT\"><section class=\"wp-block-gutenverse-section guten-element guten-section guten-ELqiPT layout-fullwidth align-stretch\"><div class=\"guten-container guten-column-gap-no\">\n<div class=\"wp-block-gutenverse-column guten-element guten-column guten-YIPOmx animated guten-element-hide desktop-fadeInUp\"><div class=\"guten-column-wrapper\" data-id=\"YIPOmx\">\n<div class=\"wp-block-gutenverse-team guten-element guten-team guten-zTDhy4\"><div class=\"profile-box\"><div class=\"profile-card card-overlay default\"><img decoding=\"async\" src=\"https:\/\/assamcongress.com\/download\/wh_3d1185636.jpg\" alt=\"\"\/><div class=\"profile-body bottom\"><h3 class=\"profile-title \" aria-label=\"Profile Name\"><\/h3><p class=\"profile-sub\" aria-label=\"Profile Job\"><\/p><div class=\"socials-wrapper\">\n<div class=\"guten-element guten-social-icons guten-vPQAdz rounded horizontal fill\">\n<div class=\"guten-element guten-social-icon guten-yd0FuO wordpress\"><a id=\"guten-yd0FuO\"><i class=\"fab fa-wordpress\"><\/i><\/a><\/div>\n<\/div>\n<\/div><\/div><\/div><\/div><\/div>\n\n\n\n<div class=\"guten-element guten-advanced-heading guten-FhXGWV\"><div class=\"heading-section \"><h2 class=\"heading-title\"><span class=\"heading-title\"><\/span><span class=\"heading-focus\">Prof. Dr. Mustafa Karata\u015f<\/span><\/h2><\/div><span class=\"heading-subtitle\">\u0130slam Alimleri Vakf\u0131 Y\u00f6netim Kurulu \u00dcyesi<\/span><\/div>\n<\/div><\/div>\n\n\n\n<div class=\"wp-block-gutenverse-column guten-element guten-column guten-4NHVFb animated guten-element-hide desktop-fadeInUp\"><div class=\"guten-column-wrapper\" data-id=\"4NHVFb\">\n<div class=\"wp-block-gutenverse-team guten-element guten-team guten-eiDnJz\"><div class=\"profile-box\"><div class=\"profile-card card-overlay default\"><img decoding=\"async\" src=\"https:\/\/assamcongress.com\/download\/cemal-erdogannnn-1.jpg\" alt=\"\"\/><div class=\"profile-body bottom\"><h3 class=\"profile-title \" aria-label=\"Profile Name\"><\/h3><p class=\"profile-sub\" aria-label=\"Profile Job\"><\/p><div class=\"socials-wrapper\">\n<div class=\"guten-element guten-social-icons guten-6EvAA3 rounded horizontal fill\">\n<div class=\"guten-element guten-social-icon guten-WAjUWk wordpress\"><a id=\"guten-WAjUWk\"><i class=\"fab fa-wordpress\"><\/i><\/a><\/div>\n<\/div>\n<\/div><\/div><\/div><\/div><\/div>\n\n\n\n<div class=\"guten-element guten-advanced-heading guten-yGn2Zd\"><div class=\"heading-section \"><h2 class=\"heading-title\"><span class=\"heading-title\"><\/span><span class=\"heading-focus\">Cemal Erdo\u011fan<\/span><\/h2><\/div><span class=\"heading-subtitle\">ASDER<br>Y\u00f6netim Kurulu \u00dcyesi<\/span><\/div>\n<\/div><\/div>\n\n\n\n<div class=\"wp-block-gutenverse-column guten-element guten-column guten-18MXF0 animated guten-element-hide desktop-fadeInUp\"><div class=\"guten-column-wrapper\" data-id=\"18MXF0\">\n<div class=\"wp-block-gutenverse-team guten-element guten-team guten-2VJW6H\"><div class=\"profile-box\"><div class=\"profile-card card-overlay default\"><img decoding=\"async\" src=\"https:\/\/assamcongress.com\/download\/Dr.png\" alt=\"\"\/><div class=\"profile-body bottom\"><h3 class=\"profile-title \" aria-label=\"Profile Name\"><\/h3><p class=\"profile-sub\" aria-label=\"Profile Job\"><\/p><div class=\"socials-wrapper\">\n<div class=\"guten-element guten-social-icons guten-fXIGpm rounded horizontal fill\">\n<div class=\"guten-element guten-social-icon guten-GUE0iS wordpress\"><a id=\"guten-GUE0iS\"><i class=\"fab fa-wordpress\"><\/i><\/a><\/div>\n<\/div>\n<\/div><\/div><\/div><\/div><\/div>\n\n\n\n<div class=\"guten-element guten-advanced-heading guten-0iu0ZN\"><div class=\"heading-section \"><h2 class=\"heading-title\"><span class=\"heading-title\"><\/span><span class=\"heading-focus\">\u0130brahim Altan<\/span><\/h2><\/div><span class=\"heading-subtitle\">\u0130DSB<br>Y\u00f6netim Kurulu \u00dcyesi<\/span><\/div>\n<\/div><\/div>\n\n\n\n<div class=\"wp-block-gutenverse-column guten-element guten-column guten-7Hqtqr animated guten-element-hide desktop-fadeInUp\"><div class=\"guten-column-wrapper\" data-id=\"7Hqtqr\">\n<div class=\"wp-block-gutenverse-team guten-element guten-team guten-F3Bbi0\"><div class=\"profile-box\"><div class=\"profile-card card-overlay default\"><img decoding=\"async\" src=\"https:\/\/assamcongress.com\/download\/veysel_ayhan_manset_1435.jpg\" alt=\"\"\/><div class=\"profile-body bottom\"><h3 class=\"profile-title \" aria-label=\"Profile Name\"><\/h3><p class=\"profile-sub\" aria-label=\"Profile Job\"><\/p><div class=\"socials-wrapper\">\n<div class=\"guten-element guten-social-icons guten-xfb0fr rounded horizontal fill\">\n<div class=\"guten-element guten-social-icon guten-0sOB0I wordpress\"><a id=\"guten-0sOB0I\"><i class=\"fab fa-wordpress\"><\/i><\/a><\/div>\n<\/div>\n<\/div><\/div><\/div><\/div><\/div>\n\n\n\n<div class=\"guten-element guten-advanced-heading guten-psNu6e\"><div class=\"heading-section \"><h2 class=\"heading-title\"><span class=\"heading-title\"><\/span><span class=\"heading-focus\">Prof. Dr. Veysel Ayhan <\/span><\/h2><\/div><span class=\"heading-subtitle\">AK Parti Genel Merkez Se\u00e7im \u0130\u015fleri Ba\u015fkan Yrd.<\/span><\/div>\n<\/div><\/div>\n<\/div><\/section><\/div>\n\n\n\n<div class=\"section-wrapper\" data-id=\"pBQRwk\"><section class=\"wp-block-gutenverse-section guten-element guten-section guten-pBQRwk layout-fullwidth align-stretch\"><div class=\"guten-container guten-column-gap-no\">\n<div class=\"wp-block-gutenverse-column guten-element guten-column guten-MVw6SV animated guten-element-hide desktop-fadeInUp\"><div class=\"guten-column-wrapper\" data-id=\"MVw6SV\">\n<div class=\"wp-block-gutenverse-team guten-element guten-team guten-WWXkLE\"><div class=\"profile-box\"><div class=\"profile-card card-overlay default\"><img decoding=\"async\" src=\"https:\/\/assamcongress.com\/download\/N18NvNOI_400x400.jpg\" alt=\"\"\/><div class=\"profile-body bottom\"><h3 class=\"profile-title \" aria-label=\"Profile Name\"><\/h3><p class=\"profile-sub\" aria-label=\"Profile Job\"><\/p><div class=\"socials-wrapper\">\n<div class=\"guten-element guten-social-icons guten-nexhDo rounded horizontal fill\">\n<div class=\"guten-element guten-social-icon guten-metGxq wordpress\"><a id=\"guten-metGxq\"><i class=\"fab fa-wordpress\"><\/i><\/a><\/div>\n<\/div>\n<\/div><\/div><\/div><\/div><\/div>\n\n\n\n<div class=\"guten-element guten-advanced-heading guten-OV9sLW\"><div class=\"heading-section \"><h2 class=\"heading-title\"><span class=\"heading-title\"><\/span><span class=\"heading-focus\">Dr. Syed Ghulamnabi Fai<\/span><\/h2><\/div><span class=\"heading-subtitle\">D\u00fcnya Bar\u0131\u015f ve Adalet Forumu Ba\u015fkan\u0131<\/span><\/div>\n<\/div><\/div>\n\n\n\n<div class=\"wp-block-gutenverse-column guten-element guten-column guten-X6aMUK animated guten-element-hide desktop-fadeInUp\"><div class=\"guten-column-wrapper\" data-id=\"X6aMUK\">\n<div class=\"wp-block-gutenverse-team guten-element guten-team guten-xGAK7a\"><div class=\"profile-box\"><div class=\"profile-card card-overlay default\"><img decoding=\"async\" src=\"https:\/\/assamcongress.com\/download\/14HoCslx_400x400.jpg\" alt=\"\"\/><div class=\"profile-body bottom\"><h3 class=\"profile-title \" aria-label=\"Profile Name\"><\/h3><p class=\"profile-sub\" aria-label=\"Profile Job\"><\/p><div class=\"socials-wrapper\">\n<div class=\"guten-element guten-social-icons guten-7e2HAy rounded horizontal fill\">\n<div class=\"guten-element guten-social-icon guten-Pmo67n wordpress\"><a id=\"guten-Pmo67n\"><i class=\"fab fa-wordpress\"><\/i><\/a><\/div>\n<\/div>\n<\/div><\/div><\/div><\/div><\/div>\n\n\n\n<div class=\"guten-element guten-advanced-heading guten-ksr27o\"><div class=\"heading-section \"><h2 class=\"heading-title\"><span class=\"heading-title\"><\/span><span class=\"heading-focus\">Prof. Dr. Beqir Ismaili<\/span><\/h2><\/div><span class=\"heading-subtitle\">Kosova Entelekt\u00fcel Ara\u015ft\u0131rmalar ve \u00c7al\u0131\u015fmalar Enstit\u00fcs\u00fc<br>Y\u00f6netim Kurulu Ba\u015fkan\u0131 ve Kurucusu<\/span><\/div>\n<\/div><\/div>\n\n\n\n<div class=\"wp-block-gutenverse-column guten-element guten-column guten-t0AaAQ animated guten-element-hide desktop-fadeInUp\"><div class=\"guten-column-wrapper\" data-id=\"t0AaAQ\">\n<div class=\"wp-block-gutenverse-team guten-element guten-team guten-U8ytt8\"><div class=\"profile-box\"><div class=\"profile-card card-overlay default\"><img decoding=\"async\" src=\"https:\/\/assamcongress.com\/download\/8c1c1784-584e-4a2e-8d5e-f1401d02e066.jpg\" alt=\"\"\/><div class=\"profile-body bottom\"><h3 class=\"profile-title \" aria-label=\"Profile Name\"><\/h3><p class=\"profile-sub\" aria-label=\"Profile Job\"><\/p><div class=\"socials-wrapper\">\n<div class=\"guten-element guten-social-icons guten-zlaUcS rounded horizontal fill\">\n<div class=\"guten-element guten-social-icon guten-o61YCg wordpress\"><a id=\"guten-o61YCg\"><i class=\"fab fa-wordpress\"><\/i><\/a><\/div>\n<\/div>\n<\/div><\/div><\/div><\/div><\/div>\n\n\n\n<div class=\"guten-element guten-advanced-heading guten-P3tckG\"><div class=\"heading-section \"><h2 class=\"heading-title\"><span class=\"heading-title\"><\/span><span class=\"heading-focus\">Dr. Hala Adly Abdelshakour Hussein<\/span><\/h2><\/div><span class=\"heading-subtitle\">Arap Devletleri Birli\u011fi Arap Kad\u0131nlar\u0131 Te\u015fk. Gnl. Sek.<\/span><\/div>\n<\/div><\/div>\n\n\n\n<div class=\"wp-block-gutenverse-column guten-element guten-column guten-U2hmgY animated guten-element-hide desktop-fadeInUp\"><div class=\"guten-column-wrapper\" data-id=\"U2hmgY\">\n<div class=\"wp-block-gutenverse-team guten-element guten-team guten-0smHUT\"><div class=\"profile-box\"><div class=\"profile-card card-overlay default\"><img decoding=\"async\" src=\"https:\/\/assamcongress.com\/download\/BawsZX4I_400x400.jpg\" alt=\"\"\/><div class=\"profile-body bottom\"><h3 class=\"profile-title \" aria-label=\"Profile Name\"><\/h3><p class=\"profile-sub\" aria-label=\"Profile Job\"><\/p><div class=\"socials-wrapper\">\n<div class=\"guten-element guten-social-icons guten-9Xz9PN rounded horizontal fill\">\n<div class=\"guten-element guten-social-icon guten-aqlkE0 wordpress\"><a id=\"guten-aqlkE0\"><i class=\"fab fa-wordpress\"><\/i><\/a><\/div>\n<\/div>\n<\/div><\/div><\/div><\/div><\/div>\n\n\n\n<div class=\"guten-element guten-advanced-heading guten-CGfwLy\"><div class=\"heading-section \"><h2 class=\"heading-title\"><span class=\"heading-title\"><\/span><span class=\"heading-focus\">Yavuz Sar\u0131<\/span><\/h2><\/div><span class=\"heading-subtitle\">Mimar ve M\u00fchendisler Grubu (MMG) Genel Ba\u015fkan\u0131<\/span><\/div>\n<\/div><\/div>\n<\/div><\/section><\/div>\n\n\n\n<h2 class=\"wp-block-gutenverse-heading guten-element guten-xyP3cT animated guten-element-hide desktop-fadeInUp\">KEYNOTE&nbsp;SPEAKERS<\/h2>\n\n\n\n<div class=\"section-wrapper\" data-id=\"W9jUko\"><section class=\"wp-block-gutenverse-section guten-element guten-section guten-W9jUko layout-fullwidth align-stretch\"><div class=\"guten-container guten-column-gap-no\">\n<div class=\"wp-block-gutenverse-column guten-element guten-column guten-5SxG92 animated guten-element-hide desktop-fadeInUp\"><div class=\"guten-column-wrapper\" data-id=\"5SxG92\">\n<div class=\"wp-block-gutenverse-team guten-element guten-team guten-4tz1Y2\"><div class=\"profile-box\"><div class=\"profile-card card-overlay default\"><img decoding=\"async\" src=\"https:\/\/assamcongress.com\/download\/ismail-oz.jpg\" alt=\"\"\/><div class=\"profile-body bottom\"><h3 class=\"profile-title \" aria-label=\"Profile Name\"><\/h3><p class=\"profile-sub\" aria-label=\"Profile Job\"><\/p><div class=\"socials-wrapper\">\n<div class=\"guten-element guten-social-icons guten-RnBlVA rounded horizontal fill\">\n<div class=\"guten-element guten-social-icon guten-oydg6R wordpress\"><a id=\"guten-oydg6R\"><i class=\"fab fa-wordpress\"><\/i><\/a><\/div>\n<\/div>\n<\/div><\/div><\/div><\/div><\/div>\n\n\n\n<div class=\"guten-element guten-advanced-heading guten-NseHIz\"><div class=\"heading-section \"><h2 class=\"heading-title\"><span class=\"heading-title\"><\/span><span class=\"heading-focus\">\u0130smail \u00d6z<\/span><\/h2><\/div><span class=\"heading-subtitle\">Sosyolog \u2013 Tarih\u00e7i<\/span><\/div>\n<\/div><\/div>\n\n\n\n<div class=\"wp-block-gutenverse-column guten-element guten-column guten-ktfNk0 animated guten-element-hide desktop-fadeInUp\"><div class=\"guten-column-wrapper\" data-id=\"ktfNk0\">\n<div class=\"wp-block-gutenverse-team guten-element guten-team guten-Ktng1f\"><div class=\"profile-box\"><div class=\"profile-card card-overlay default\"><img decoding=\"async\" src=\"https:\/\/assamcongress.com\/download\/4957332c-da6e-44f5-8ba7-d2352b45ebf6.jpg\" alt=\"\"\/><div class=\"profile-body bottom\"><h3 class=\"profile-title \" aria-label=\"Profile Name\"><\/h3><p class=\"profile-sub\" aria-label=\"Profile Job\"><\/p><div class=\"socials-wrapper\">\n<div class=\"guten-element guten-social-icons guten-uQLZE1 rounded horizontal fill\">\n<div class=\"guten-element guten-social-icon guten-UbS94w wordpress\"><a id=\"guten-UbS94w\"><i class=\"fab fa-wordpress\"><\/i><\/a><\/div>\n<\/div>\n<\/div><\/div><\/div><\/div><\/div>\n\n\n\n<div class=\"guten-element guten-advanced-heading guten-Mpay2F\"><div class=\"heading-section \"><h2 class=\"heading-title\"><span class=\"heading-title\"><\/span><span class=\"heading-focus\">Dr. Syed Azman Bin Syed Ahmad Nawawi<\/span><\/h2><\/div><span class=\"heading-subtitle\">Uluslararas\u0131 \u0130leri \u0130slami Ara\u015ft\u0131rmalar Enstit\u00fcs\u00fc<\/span><\/div>\n<\/div><\/div>\n\n\n\n<div class=\"wp-block-gutenverse-column guten-element guten-column guten-A0Z6tP animated guten-element-hide desktop-fadeInUp\"><div class=\"guten-column-wrapper\" data-id=\"A0Z6tP\">\n<div class=\"wp-block-gutenverse-team guten-element guten-team guten-jkC2FS\"><div class=\"profile-box\"><div class=\"profile-card card-overlay default\"><img decoding=\"async\" src=\"https:\/\/assamcongress.com\/download\/Prof.-Dr.-Suleyman-Kiziltoprak.jpeg\" alt=\"\"\/><div class=\"profile-body bottom\"><h3 class=\"profile-title \" aria-label=\"Profile Name\"><\/h3><p class=\"profile-sub\" aria-label=\"Profile Job\"><\/p><div class=\"socials-wrapper\">\n<div class=\"guten-element guten-social-icons guten-qxV9eD rounded horizontal fill\">\n<div class=\"guten-element guten-social-icon guten-6dcX9o wordpress\"><a id=\"guten-6dcX9o\"><i class=\"fab fa-wordpress\"><\/i><\/a><\/div>\n<\/div>\n<\/div><\/div><\/div><\/div><\/div>\n\n\n\n<div class=\"guten-element guten-advanced-heading guten-excsi9\"><div class=\"heading-section \"><h2 class=\"heading-title\"><span class=\"heading-title\"><\/span><span class=\"heading-focus\">Prof. Dr. S\u00fcleyman K\u0131z\u0131ltoprak<\/span><\/h2><\/div><span class=\"heading-subtitle\">K\u00fctahya Dumlup\u0131nar \u00dcniversitesi Rekt\u00f6r\u00fc<\/span><\/div>\n<\/div><\/div>\n\n\n\n<div class=\"wp-block-gutenverse-column guten-element guten-column guten-TFCLEB animated guten-element-hide desktop-fadeInUp\"><div class=\"guten-column-wrapper\" data-id=\"TFCLEB\">\n<div class=\"wp-block-gutenverse-team guten-element guten-team guten-X1TEbN\"><div class=\"profile-box\"><div class=\"profile-card card-overlay default\"><img decoding=\"async\" src=\"https:\/\/assamcongress.com\/download\/Prof.-Dr.-Cafer-Tayyar-ARI-scaled.jpg\" alt=\"\"\/><div class=\"profile-body bottom\"><h3 class=\"profile-title \" aria-label=\"Profile Name\"><\/h3><p class=\"profile-sub\" aria-label=\"Profile Job\"><\/p><div class=\"socials-wrapper\">\n<div class=\"guten-element guten-social-icons guten-XwGfX2 rounded horizontal fill\">\n<div class=\"guten-element guten-social-icon guten-gXMLnH wordpress\"><a id=\"guten-gXMLnH\"><i class=\"fab fa-wordpress\"><\/i><\/a><\/div>\n<\/div>\n<\/div><\/div><\/div><\/div><\/div>\n\n\n\n<div class=\"guten-element guten-advanced-heading guten-7W2Xkl\"><div class=\"heading-section \"><h2 class=\"heading-title\"><span class=\"heading-title\"><\/span><span class=\"heading-focus\">Prof. Dr. Tayyar Ar\u0131<\/span><\/h2><\/div><span class=\"heading-subtitle\">Uluda\u011f \u00dcniversitesi Uluslararas\u0131 \u0130li\u015fkiler B\u00f6l\u00fcm\u00fc Ba\u015fkan\u0131<\/span><\/div>\n<\/div><\/div>\n\n\n\n<div class=\"wp-block-gutenverse-column guten-element guten-column guten-qVC4q1 animated guten-element-hide desktop-fadeInUp\"><div class=\"guten-column-wrapper\" data-id=\"qVC4q1\">\n<div class=\"wp-block-gutenverse-team guten-element guten-team guten-I85b9W\"><div class=\"profile-box\"><div class=\"profile-card card-overlay default\"><img decoding=\"async\" src=\"https:\/\/assamcongress.com\/download\/Dr.-Edward-Omar-Moad.jpeg\" alt=\"\"\/><div class=\"profile-body bottom\"><h3 class=\"profile-title \" aria-label=\"Profile Name\"><\/h3><p class=\"profile-sub\" aria-label=\"Profile Job\"><\/p><div class=\"socials-wrapper\">\n<div class=\"guten-element guten-social-icons guten-tOz57u rounded horizontal fill\">\n<div class=\"guten-element guten-social-icon guten-sACJBr wordpress\"><a id=\"guten-sACJBr\"><i class=\"fab fa-wordpress\"><\/i><\/a><\/div>\n<\/div>\n<\/div><\/div><\/div><\/div><\/div>\n\n\n\n<div class=\"guten-element guten-advanced-heading guten-0bayl9\"><div class=\"heading-section \"><h2 class=\"heading-title\"><span class=\"heading-title\"><\/span><span class=\"heading-focus\">Dr. Edward Omar Moad<\/span><\/h2><\/div><span class=\"heading-subtitle\">\u0130nsani Bilimler B\u00f6l\u00fcm\u00fc,<br>Katar \u00dcniversitesi<\/span><\/div>\n<\/div><\/div>\n<\/div><\/section><\/div>\n\n\n\n<div class=\"section-wrapper\" data-id=\"eQKKX8\"><section class=\"wp-block-gutenverse-section guten-element guten-section guten-eQKKX8 layout-fullwidth align-stretch\"><div class=\"guten-container guten-column-gap-no\">\n<div class=\"wp-block-gutenverse-column guten-element guten-column guten-VlPBaP animated guten-element-hide desktop-fadeInUp\"><div class=\"guten-column-wrapper\" data-id=\"VlPBaP\">\n<div class=\"wp-block-gutenverse-team guten-element guten-team guten-3FDjdd\"><div class=\"profile-box\"><div class=\"profile-card card-overlay default\"><img decoding=\"async\" src=\"https:\/\/assamcongress.com\/download\/lutfi-sunar-ketebe-foto-5.jpeg\" alt=\"\"\/><div class=\"profile-body bottom\"><h3 class=\"profile-title \" aria-label=\"Profile Name\"><\/h3><p class=\"profile-sub\" aria-label=\"Profile Job\"><\/p><div class=\"socials-wrapper\">\n<div class=\"guten-element guten-social-icons guten-cwx68d rounded horizontal fill\">\n<div class=\"guten-element guten-social-icon guten-GTHQBy wordpress\"><a id=\"guten-GTHQBy\"><i class=\"fab fa-wordpress\"><\/i><\/a><\/div>\n<\/div>\n<\/div><\/div><\/div><\/div><\/div>\n\n\n\n<div class=\"guten-element guten-advanced-heading guten-5uCR27\"><div class=\"heading-section \"><h2 class=\"heading-title\"><span class=\"heading-title\"><\/span><span class=\"heading-focus\">Prof. Dr. L\u00fctfi Sunar<\/span><\/h2><\/div><span class=\"heading-subtitle\">Uluslararas\u0131 Balkan \u00dcniversitesi Rekt\u00f6r\u00fc<\/span><\/div>\n<\/div><\/div>\n\n\n\n<div class=\"wp-block-gutenverse-column guten-element guten-column guten-EgyhxG animated guten-element-hide desktop-fadeInUp\"><div class=\"guten-column-wrapper\" data-id=\"EgyhxG\">\n<div class=\"wp-block-gutenverse-team guten-element guten-team guten-GfPQ5p\"><div class=\"profile-box\"><div class=\"profile-card card-overlay default\"><img decoding=\"async\" src=\"https:\/\/assamcongress.com\/download\/yasser-nejat.jpeg\" alt=\"\"\/><div class=\"profile-body bottom\"><h3 class=\"profile-title \" aria-label=\"Profile Name\"><\/h3><p class=\"profile-sub\" aria-label=\"Profile Job\"><\/p><div class=\"socials-wrapper\">\n<div class=\"guten-element guten-social-icons guten-tWo1RM rounded horizontal fill\">\n<div class=\"guten-element guten-social-icon guten-SUCIdJ wordpress\"><a id=\"guten-SUCIdJ\"><i class=\"fab fa-wordpress\"><\/i><\/a><\/div>\n<\/div>\n<\/div><\/div><\/div><\/div><\/div>\n\n\n\n<div class=\"guten-element guten-advanced-heading guten-vh2Pbl\"><div class=\"heading-section \"><h2 class=\"heading-title\"><span class=\"heading-title\"><\/span><span class=\"heading-focus\">Yasir Alnaccar<\/span><\/h2><\/div><span class=\"heading-subtitle\">Stratejist, Al Jazeera \/ Al Arabiya TV<\/span><\/div>\n<\/div><\/div>\n\n\n\n<div class=\"wp-block-gutenverse-column guten-element guten-column guten-HFrjFY animated guten-element-hide desktop-fadeInUp\"><div class=\"guten-column-wrapper\" data-id=\"HFrjFY\">\n<div class=\"wp-block-gutenverse-team guten-element guten-team guten-Zf2Plo\"><div class=\"profile-box\"><div class=\"profile-card card-overlay default\"><img decoding=\"async\" src=\"https:\/\/assamcongress.com\/download\/ahmet-hacimuftuoglu.jpeg\" alt=\"\"\/><div class=\"profile-body bottom\"><h3 class=\"profile-title \" aria-label=\"Profile Name\"><\/h3><p class=\"profile-sub\" aria-label=\"Profile Job\"><\/p><div class=\"socials-wrapper\">\n<div class=\"guten-element guten-social-icons guten-KOhAN7 rounded horizontal fill\">\n<div class=\"guten-element guten-social-icon guten-gYma8Y wordpress\"><a id=\"guten-gYma8Y\"><i class=\"fab fa-wordpress\"><\/i><\/a><\/div>\n<\/div>\n<\/div><\/div><\/div><\/div><\/div>\n\n\n\n<div class=\"guten-element guten-advanced-heading guten-RMJiaI\"><div class=\"heading-section \"><h2 class=\"heading-title\"><span class=\"heading-title\"><\/span><span class=\"heading-focus\">Prof. Dr. Ahmet Hac\u0131m\u00fcft\u00fco\u011flu<\/span><\/h2><\/div><span class=\"heading-subtitle\">Erzurum Atat\u00fcrk \u00dcniversitesi Rekt\u00f6r\u00fc<\/span><\/div>\n<\/div><\/div>\n\n\n\n<div class=\"wp-block-gutenverse-column guten-element guten-column guten-wHZQV5 animated guten-element-hide desktop-fadeInUp\"><div class=\"guten-column-wrapper\" data-id=\"wHZQV5\">\n<div class=\"wp-block-gutenverse-team guten-element guten-team guten-oCCkPS\"><div class=\"profile-box\"><div class=\"profile-card card-overlay default\"><img decoding=\"async\" src=\"https:\/\/assamcongress.com\/download\/22.png\" alt=\"\"\/><div class=\"profile-body bottom\"><h3 class=\"profile-title \" aria-label=\"Profile Name\"><\/h3><p class=\"profile-sub\" aria-label=\"Profile Job\"><\/p><div class=\"socials-wrapper\">\n<div class=\"guten-element guten-social-icons guten-ZMo2FD rounded horizontal fill\">\n<div class=\"guten-element guten-social-icon guten-CZHWCI wordpress\"><a id=\"guten-CZHWCI\"><i class=\"fab fa-wordpress\"><\/i><\/a><\/div>\n<\/div>\n<\/div><\/div><\/div><\/div><\/div>\n\n\n\n<div class=\"guten-element guten-advanced-heading guten-VswB3b\"><div class=\"heading-section \"><h2 class=\"heading-title\"><span class=\"heading-title\"><\/span><span class=\"heading-focus\">Prof. Dr. S\u00fcleyman Baki<\/span><\/h2><\/div><span class=\"heading-subtitle\">Makedonya Tetova \u2013 Kalkandelen \u00dcniversitesi<\/span><\/div>\n<\/div><\/div>\n<\/div><\/section><\/div>\n\n\n\n<div class=\"section-wrapper\" data-id=\"T4pDfa\"><section class=\"wp-block-gutenverse-section guten-element guten-section guten-T4pDfa layout-fullwidth align-stretch\"><div class=\"guten-container guten-column-gap-no\">\n<div class=\"wp-block-gutenverse-column guten-element guten-column guten-RPpRPq animated guten-element-hide desktop-fadeInUp\"><div class=\"guten-column-wrapper\" data-id=\"RPpRPq\">\n<div class=\"wp-block-gutenverse-team guten-element guten-team guten-6MOh0j\"><div class=\"profile-box\"><div class=\"profile-card card-overlay default\"><img decoding=\"async\" src=\"https:\/\/assamcongress.com\/download\/hemsehrimiz-demir-rektor-oldu-1678882172-e1762245380470.jpg\" alt=\"\"\/><div class=\"profile-body bottom\"><h3 class=\"profile-title \" aria-label=\"Profile Name\"><\/h3><p class=\"profile-sub\" aria-label=\"Profile Job\"><\/p><div class=\"socials-wrapper\">\n<div class=\"guten-element guten-social-icons guten-Lb6CuF rounded horizontal fill\">\n<div class=\"guten-element guten-social-icon guten-DP0fKN wordpress\"><a id=\"guten-DP0fKN\"><i class=\"fab fa-wordpress\"><\/i><\/a><\/div>\n<\/div>\n<\/div><\/div><\/div><\/div><\/div>\n\n\n\n<div class=\"guten-element guten-advanced-heading guten-XCeVbJ\"><div class=\"heading-section \"><h2 class=\"heading-title\"><span class=\"heading-title\"><\/span><span class=\"heading-focus\">Prof. Dr. \u015eehmus Demir<\/span><\/h2><\/div><span class=\"heading-subtitle\">Gaziantep \u0130slam Bilim ve Teknoloji \u00dcniversitesi Rekt\u00f6r\u00fc<\/span><\/div>\n<\/div><\/div>\n\n\n\n<div class=\"wp-block-gutenverse-column guten-element guten-column guten-bzi0Hj animated guten-element-hide desktop-fadeInUp\"><div class=\"guten-column-wrapper\" data-id=\"bzi0Hj\">\n<div class=\"wp-block-gutenverse-team guten-element guten-team guten-jDsQi8\"><div class=\"profile-box\"><div class=\"profile-card card-overlay default\"><img decoding=\"async\" src=\"https:\/\/assamcongress.com\/download\/Prof.Dr_.-Hebatallah-Adam.jpg\" alt=\"\"\/><div class=\"profile-body bottom\"><h3 class=\"profile-title \" aria-label=\"Profile Name\"><\/h3><p class=\"profile-sub\" aria-label=\"Profile Job\"><\/p><div class=\"socials-wrapper\">\n<div class=\"guten-element guten-social-icons guten-QpuhBZ rounded horizontal fill\">\n<div class=\"guten-element guten-social-icon guten-I8jTlW wordpress\"><a id=\"guten-I8jTlW\"><i class=\"fab fa-wordpress\"><\/i><\/a><\/div>\n<\/div>\n<\/div><\/div><\/div><\/div><\/div>\n\n\n\n<div class=\"guten-element guten-advanced-heading guten-5p383f\"><div class=\"heading-section \"><h2 class=\"heading-title\"><span class=\"heading-title\"><\/span><span class=\"heading-focus\">Prof. Dr. Hebatallah Adam<\/span><\/h2><\/div><span class=\"heading-subtitle\">Akademisyen &#038; Ara\u015ft\u0131rmac\u0131, O.P. Jindal Global University, Sonipat Narela Road<\/span><\/div>\n<\/div><\/div>\n\n\n\n<div class=\"wp-block-gutenverse-column guten-element guten-column guten-qdGYUv animated guten-element-hide desktop-fadeInUp\"><div class=\"guten-column-wrapper\" data-id=\"qdGYUv\">\n<div class=\"wp-block-gutenverse-team guten-element guten-team guten-qjNHBK\"><div class=\"profile-box\"><div class=\"profile-card card-overlay default\"><img decoding=\"async\" src=\"https:\/\/assamcongress.com\/download\/Assist.-Prof.-Dr.-Firdous-Ahmad-Malik.jpeg\" alt=\"\"\/><div class=\"profile-body bottom\"><h3 class=\"profile-title \" aria-label=\"Profile Name\"><\/h3><p class=\"profile-sub\" aria-label=\"Profile Job\"><\/p><div class=\"socials-wrapper\">\n<div class=\"guten-element guten-social-icons guten-5QXKlx rounded horizontal fill\">\n<div class=\"guten-element guten-social-icon guten-sgATvA wordpress\"><a id=\"guten-sgATvA\"><i class=\"fab fa-wordpress\"><\/i><\/a><\/div>\n<\/div>\n<\/div><\/div><\/div><\/div><\/div>\n\n\n\n<div class=\"guten-element guten-advanced-heading guten-NFbbW2\"><div class=\"heading-section \"><h2 class=\"heading-title\"><span class=\"heading-title\"><\/span><span class=\"heading-focus\">Do\u00e7. Dr. Firdous Ahmad Malik<\/span><\/h2><\/div><span class=\"heading-subtitle\">Akademisyen &#038; Ara\u015ft\u0131rmac\u0131,<br>President of Jammu and Kashmir Economic Association, University of People<\/span><\/div>\n<\/div><\/div>\n\n\n\n<div class=\"wp-block-gutenverse-column guten-element guten-column guten-lmXUsA animated guten-element-hide desktop-fadeInUp\"><div class=\"guten-column-wrapper\" data-id=\"lmXUsA\">\n<div class=\"wp-block-gutenverse-team guten-element guten-team guten-eJwr25\"><div class=\"profile-box\"><div class=\"profile-card card-overlay default\"><img decoding=\"async\" src=\"https:\/\/assamcongress.com\/download\/Prof.-Dr.-Seyfettin-Erdogan.jpg\" alt=\"\"\/><div class=\"profile-body bottom\"><h3 class=\"profile-title \" aria-label=\"Profile Name\"><\/h3><p class=\"profile-sub\" aria-label=\"Profile Job\"><\/p><div class=\"socials-wrapper\">\n<div class=\"guten-element guten-social-icons guten-mVwfQZ rounded horizontal fill\">\n<div class=\"guten-element guten-social-icon guten-LdwYIS wordpress\"><a id=\"guten-LdwYIS\"><i class=\"fab fa-wordpress\"><\/i><\/a><\/div>\n<\/div>\n<\/div><\/div><\/div><\/div><\/div>\n\n\n\n<div class=\"guten-element guten-advanced-heading guten-YgsBEv\"><div class=\"heading-section \"><h2 class=\"heading-title\"><span class=\"heading-title\"><\/span><span class=\"heading-focus\">Prof. Dr. Seyfettin Erdo\u011fan <\/span><\/h2><\/div><span class=\"heading-subtitle\">Akademisyen &#038; Ara\u015ft\u0131rmac\u0131, Istanbul Medeniyet \u00dcniversitesi<\/span><\/div>\n<\/div><\/div>\n<\/div><\/section><\/div>\n\n\n\n<div class=\"section-wrapper\" data-id=\"be1Z1Z\"><section class=\"wp-block-gutenverse-section guten-element guten-section guten-be1Z1Z layout-fullwidth align-stretch\"><div class=\"guten-container guten-column-gap-no\">\n<div class=\"wp-block-gutenverse-column guten-element guten-column guten-SWpFNL animated guten-element-hide desktop-fadeInUp\"><div class=\"guten-column-wrapper\" data-id=\"SWpFNL\">\n<div class=\"wp-block-gutenverse-team guten-element guten-team guten-WyLZtG\"><div class=\"profile-box\"><div class=\"profile-card card-overlay default\"><img decoding=\"async\" src=\"https:\/\/assamcongress.com\/download\/Prof.-Dr.-Gluham-Mursaleen.png\" alt=\"\"\/><div class=\"profile-body bottom\"><h3 class=\"profile-title \" aria-label=\"Profile Name\"><\/h3><p class=\"profile-sub\" aria-label=\"Profile Job\"><\/p><div class=\"socials-wrapper\">\n<div class=\"guten-element guten-social-icons guten-Qqp0TK rounded horizontal fill\">\n<div class=\"guten-element guten-social-icon guten-RMQoQb wordpress\"><a id=\"guten-RMQoQb\"><i class=\"fab fa-wordpress\"><\/i><\/a><\/div>\n<\/div>\n<\/div><\/div><\/div><\/div><\/div>\n\n\n\n<div class=\"guten-element guten-advanced-heading guten-ddNvHC\"><div class=\"heading-section \"><h2 class=\"heading-title\"><span class=\"heading-title\"><\/span><span class=\"heading-focus\">Prof. Dr. Ghulam Mursaleen<\/span><\/h2><\/div><span class=\"heading-subtitle\">Aligarh Muslim University<\/span><\/div>\n<\/div><\/div>\n\n\n\n<div class=\"wp-block-gutenverse-column guten-element guten-column guten-I05enC animated guten-element-hide desktop-fadeInUp\"><div class=\"guten-column-wrapper\" data-id=\"I05enC\">\n<div class=\"wp-block-gutenverse-team guten-element guten-team guten-dGizeW\"><div class=\"profile-box\"><div class=\"profile-card card-overlay default\"><img decoding=\"async\" src=\"https:\/\/assamcongress.com\/download\/images-1.jpg\" alt=\"\"\/><div class=\"profile-body bottom\"><h3 class=\"profile-title \" aria-label=\"Profile Name\"><\/h3><p class=\"profile-sub\" aria-label=\"Profile Job\"><\/p><div class=\"socials-wrapper\">\n<div class=\"guten-element guten-social-icons guten-L9HV3U rounded horizontal fill\">\n<div class=\"guten-element guten-social-icon guten-mRPmFa wordpress\"><a id=\"guten-mRPmFa\"><i class=\"fab fa-wordpress\"><\/i><\/a><\/div>\n<\/div>\n<\/div><\/div><\/div><\/div><\/div>\n\n\n\n<div class=\"guten-element guten-advanced-heading guten-LzJQGE\"><div class=\"heading-section \"><h2 class=\"heading-title\"><span class=\"heading-title\"><\/span><span class=\"heading-focus\">Prof. Dr. Ziya Polat<\/span><\/h2><\/div><span class=\"heading-subtitle\">Mardin Artuklu \u00dcniversitesi, Edebiyat Fak\u00fcltesi,\u00a0Tarih\u00a0B\u00f6l\u00fcm\u00fc<\/span><\/div>\n<\/div><\/div>\n\n\n\n<div class=\"wp-block-gutenverse-column guten-element guten-column guten-GZ5aod animated guten-element-hide desktop-fadeInUp\"><div class=\"guten-column-wrapper\" data-id=\"GZ5aod\">\n<div class=\"wp-block-gutenverse-team guten-element guten-team guten-EMZikD\"><div class=\"profile-box\"><div class=\"profile-card card-overlay default\"><img decoding=\"async\" src=\"https:\/\/assamcongress.com\/download\/632da0cdb7056.jpg\" alt=\"\"\/><div class=\"profile-body bottom\"><h3 class=\"profile-title \" aria-label=\"Profile Name\"><\/h3><p class=\"profile-sub\" aria-label=\"Profile Job\"><\/p><div class=\"socials-wrapper\">\n<div class=\"guten-element guten-social-icons guten-eUrbLx rounded horizontal fill\">\n<div class=\"guten-element guten-social-icon guten-FG5xfj wordpress\"><a id=\"guten-FG5xfj\"><i class=\"fab fa-wordpress\"><\/i><\/a><\/div>\n<\/div>\n<\/div><\/div><\/div><\/div><\/div>\n\n\n\n<div class=\"guten-element guten-advanced-heading guten-HtXLYL\"><div class=\"heading-section \"><h2 class=\"heading-title\"><span class=\"heading-title\"><\/span><span class=\"heading-focus\">Do\u00e7. Dr. Ay\u015fe \u00c7eki\u00e7 <\/span><\/h2><\/div><span class=\"heading-subtitle\">Mardin Artuklu \u00dcniversitesi, \u0130lahiyat Fak\u00fcltesi, \u0130slam Tarihi ve Sanatlar\u0131\u00a0B\u00f6l\u00fcm\u00fc<\/span><\/div>\n<\/div><\/div>\n<\/div><\/section><\/div>\n<\/div><\/div>\n<\/div><\/section><\/div>\n\n\n\n<div class=\"section-wrapper\" data-id=\"SZ5J5n\"><section class=\"wp-block-gutenverse-section guten-element guten-section guten-SZ5J5n layout-boxed align-stretch\"><div class=\"guten-container guten-column-gap-no\">\n<div class=\"wp-block-gutenverse-column guten-element guten-column guten-ztQn4e\"><div class=\"guten-column-wrapper\" data-id=\"ztQn4e\">\n<div class=\"section-wrapper\" data-id=\"VubVEU\"><section class=\"wp-block-gutenverse-section guten-element guten-section guten-VubVEU layout-boxed align-stretch\"><div class=\"guten-container guten-column-gap-no\">\n<div class=\"wp-block-gutenverse-column guten-element guten-column guten-NojyqJ\"><div class=\"guten-column-wrapper\" data-id=\"NojyqJ\">\n<div class=\"wp-block-group is-layout-constrained wp-block-group-is-layout-constrained\"><img decoding=\"async\" src=\"https:\/\/assamcongress.com\/download\/2025\/05\/10dd7f46ca2f22ce7ce9308c89d2507c_L.jpg\" alt=\"\"><h2>Avrupa ve Orta Asya (T\u00fcrkistan) B\u00f6lgesi Krizlerine \u00c7\u00f6z\u00fcm Aray\u0131\u015f\u0131 \u2013 2025 Kongre Ana Temas\u0131<\/h2><h1 style=\"text-align: center;\"><span style=\"font-size: 18pt;\">AMA\u00c7<\/span><\/h1>\n<h2><span style=\"font-size: 18pt;\">ASSAM\u2019IN AMACI<\/span><\/h2>\n<p style=\"text-align: justify;\"><span style=\"font-size: 18pt;\">M\u00fcsl\u00fcman Milletlerin refah\u0131, kurduklar\u0131 devletlerin bekas\u0131, D\u00fcnyada bar\u0131\u015f\u0131n tesisi ve adaletin h\u00e2kimiyetinin, \u0130slam \u00dclkelerinin bir s\u00fcper g\u00fc\u00e7 olarak D\u00fcnya siyaset sahnesine \u00e7\u0131kmas\u0131 ile m\u00fcmk\u00fcn olabilece\u011fi d\u00fc\u015f\u00fcncesinden hareketle;<\/span><\/p>\n<ol>\n<li style=\"text-align: justify;\"><span style=\"font-size: 18pt;\">M\u00fcsl\u00fcman Devletlerin; her biri i\u00e7in milli g\u00fc\u00e7 unsurlar\u0131 ile ilgili veri taban\u0131n\u0131n olu\u015fturulmas\u0131n\u0131,<\/span><\/li>\n<li style=\"text-align: justify;\"><span style=\"font-size: 18pt;\">M\u00fcnferit ve m\u00fc\u015fterek i\u00e7 ve d\u0131\u015f tehdit de\u011ferlendirmelerinin yap\u0131lmas\u0131n\u0131,<\/span><\/li>\n<li style=\"text-align: justify;\"><span style=\"font-size: 18pt;\">\u0130\u00e7 ve d\u0131\u015f g\u00fcvenlik plan esaslar\u0131n\u0131n tespit edilmesini ve ortak bir irade alt\u0131nda toplanmas\u0131 i\u00e7in ihtiya\u00e7 duyulan m\u00fcesseseler ve bu m\u00fcesseselerin te\u015fkilatlanma esas ve prensiplerinin olu\u015fup geli\u015fmesini,<\/span><\/li>\n<\/ol>\n<p><span style=\"font-size: 18pt;\">sa\u011flayacak fikri \u00e7al\u0131\u015fmalar\u0131\u00a0yapmakt\u0131r.<\/span><\/p>\n<h2><span style=\"font-size: 18pt;\">ASSAM KONGRELER\u0130N\u0130N AMACI<\/span><\/h2>\n<p style=\"text-align: justify;\"><span style=\"font-size: 18pt;\">ASSAM Kongreleri; \u0130slam \u00dclkeleri Co\u011frafyas\u0131 ba\u015fta olmak \u00fczere d\u00fcnya siyasetinde g\u00fcncel sorunlarla ilgili olarak akademik ve siyasal bir zemin \u00fczerinde tespitler yapmak; uluslararas\u0131, b\u00f6lgesel ve yerel krizlere \u00e7\u00f6z\u00fcm \u00f6nerileri getirmek; \u0130sl\u00e2m \u00dclkelerinin bir irade alt\u0131nda toplanmas\u0131 i\u00e7in gerekli m\u00fcesseseleri belirlemek ve bu m\u00fcesseseler i\u00e7in gerekli mevzuat modelleri olu\u015fturmak; \u0130slam D\u00fcnyas\u0131na ve karar vericilere bir hal tarz\u0131 sunmak amac\u0131ndad\u0131r.<\/span><\/p>\n<p style=\"text-align: justify;\"><span style=\"font-size: 18pt;\">ASR\u0130KA \u0130slam Birli\u011fi Modeli Uluslararas\u0131 Kongrelerinin, Birinci Serisi 2017 \u2013 2023 y\u0131llar\u0131 aras\u0131nda yedi uluslararas\u0131 kongre serisi olarak icra edilmi\u015ftir.<\/span><\/p>\n<p style=\"text-align: justify;\"><span style=\"font-size: 18pt;\">\u0130cra Edilen yedi kongre sonucunda \u0130slam \u00dclkelerinin Birlik olu\u015fturabilmesi i\u00e7in <strong>gerekli kurumlar \u00fczerine \u00e7al\u0131\u015f\u0131lm\u0131\u015f, bu kurumlara ait mevzuat modeli ve model bir anayasa olu\u015fturulmu\u015ftur<\/strong>. Yap\u0131lan \u00e7al\u0131\u015fmalar uluslararas\u0131 platformlarda ve <a href=\"https:\/\/assam.org.tr\" target=\"_blank\" rel=\"noopener noreferrer\">https:\/\/assam.org.tr<\/a> ve <a href=\"https:\/\/assamcongress.com\/\" target=\"_blank\" rel=\"noopener noreferrer\">https:\/\/assamcongress.com<\/a> adreslerinde yay\u0131mlanm\u0131\u015ft\u0131r.<\/span><\/p>\n<p><span style=\"font-size: 18pt;\">\u00a0<\/span><\/p>\n<h2 style=\"text-align: center;\"><span style=\"font-size: 18pt;\">ASR\u0130KA \u0130SLAM B\u0130RL\u0130\u011e\u0130 MODEL\u0130 KR\u0130ZLERE \u00c7\u00d6Z\u00dcM ARAYI\u015eI ULUSLARARASI KONGRE SER\u0130S\u0130<\/span><\/h2>\n<p style=\"text-align: justify;\"><span style=\"font-size: 18pt;\"><strong>2024 \u2013 2027 y\u0131llar\u0131n\u0131 kapsayan 4 y\u0131ll\u0131k s\u00fcrede<\/strong> \u0130slam Co\u011frafyas\u0131n\u0131 ilgilendiren b\u00f6lgelerdeki Krizlere \u00c7\u00f6z\u00fcm \u00f6nerileri getirmek \u00fczere <strong>icra edilecek ikinci kongre serisinin ana konular\u0131<\/strong> \u015fu \u015fekilde se\u00e7ilmi\u015ftir;<\/span><\/p>\n<ol>\n<li><span style=\"font-size: 18pt;\">ASR\u0130KA \u0130slam Birli\u011fi Modeli \u201cOrtado\u011fu \u2013 ODB\u0130F ve Kuzey Afrika \u2013 KAB\u0130F B\u00f6lgesi Krizlerine \u00c7\u00f6z\u00fcm Aray\u0131\u015f\u0131\u201d Kongresi (2024)<\/span><\/li>\n<li><span style=\"font-size: 18pt;\"><strong>ASR\u0130KA \u0130slam Birli\u011fi Modeli \u201cAvrupa \u2013 AB\u0130F ve Orta Asya (T\u00fcrkistan) \u2013 OAB\u0130F B\u00f6lgesi Krizlerine \u00c7\u00f6z\u00fcm Aray\u0131\u015f\u0131\u201d Kongresi (2025)<\/strong><\/span><\/li>\n<li><span style=\"font-size: 18pt;\">ASR\u0130KA \u0130slam Birli\u011fi Modeli \u201cYak\u0131n Do\u011fu Asya \u2013 YDAB\u0130F ve G\u00fcney Do\u011fu Asya \u2013 GDAB\u0130F B\u00f6lgesi Krizlerine \u00c7\u00f6z\u00fcm Aray\u0131\u015f\u0131\u201d Kongresi (2026)<\/span><\/li>\n<li><span style=\"font-size: 18pt;\">ASR\u0130KA \u0130slam Birli\u011fi Modeli \u201cDo\u011fu Afrika \u2013 DAB\u0130F, G\u00fcney Bat\u0131 Afrika \u2013 GBAB\u0130F, Kuzey Bat\u0131 Afrika \u2013 KBAB\u0130F B\u00f6lgesi Krizlerine \u00c7\u00f6z\u00fcm Aray\u0131\u015f\u0131\u201d Kongresi (2027)<\/span><\/li>\n<\/ol>\n<p style=\"text-align: justify;\"><span style=\"font-size: 18pt;\">2024 \u2013 2027 y\u0131llar\u0131nda icra edilecek kongre serisi <strong>ASR\u0130KA \u0130slam Birli\u011fi Modeli Krizlere \u00c7\u00f6z\u00fcm Aray\u0131\u015f\u0131 Kongre Serisi<\/strong> ad\u0131 verilmi\u015ftir.<\/span><\/p>\n<p style=\"text-align: justify;\"><span style=\"font-size: 18pt;\">Kongre dili T\u00fcrk\u00e7e, \u0130ngilizce ve Arap\u00e7a olacakt\u0131r. Bildirilerin sunumunda sim\u00fcltane (an\u0131nda) terc\u00fcme yap\u0131lacakt\u0131r. Bildiri \u00f6zetleri ve bildiriler kitap haline getirilerek ASSAM Kongre WEB Sitesinde, Bildiriler de ayr\u0131ca <strong>ASSAM Uluslararas\u0131 Hakemli Dergide<\/strong> (<strong>ASSAM-UHAD<\/strong>), elektronik ortamda yay\u0131mlanacakt\u0131r. Kongremize bildiri g\u00f6nderen bildiri sahiplerinin bildirilerini ASSAM Uluslararas\u0131 Hakemli dergimizde (UHAD) yay\u0131mlatmak isteyenler hakemli dergimizin bildiri haz\u0131rlama format\u0131na uygun olarak bildirilerini haz\u0131rlamalar\u0131 ve a\u015fa\u011f\u0131da belirtilen link \u00fczerinden sisteme y\u00fcklemeleri gerekmektedir. Hakemli derginin linki a\u015fa\u011f\u0131dad\u0131r.<a href=\"#_ftn1\" name=\"_ftnref1\">[1]<\/a> Hakemli dergide bildiriler\/makaleler hakem s\u00fcrecinden ge\u00e7tikten sonra yay\u0131mlanacakt\u0131r.<\/span><\/p>\n<p style=\"text-align: justify;\"><span style=\"font-size: 18pt;\">\u0130craya d\u00f6n\u00fck olarak haz\u0131rlanacak Kongre Sonu\u00e7 Raporlar\u0131 da karar verici mekanizmalara ve \u0130sl\u00e2m D\u00fcnyas\u0131ndan t\u00fcm davetli ve kat\u0131l\u0131mc\u0131lara g\u00f6nderilecek ve ASSAM Kongre WEB Sitesinde yay\u0131mlanacakt\u0131r.<\/span><\/p>\n<h1 style=\"text-align: center;\"><span style=\"font-size: 18pt;\">GENEL DE\u011eERLEND\u0130RME<\/span><\/h1>\n<h2><span style=\"font-size: 18pt;\">\u0130SL\u00c2M CO\u011eRAFYASININ JEOPOL\u0130T\u0130K DE\u011eER\u0130<\/span><\/h2>\n<p style=\"text-align: justify;\"><span style=\"font-size: 18pt;\">D\u00fcnya \u00fczerindeki 206 Devletin 57\u2019sine <em>(\u00dcye Say\u0131s\u0131n\u0131n %27\u2019si) <\/em>7,9 milyarl\u0131k D\u00fcnya N\u00fcfusunun 1.859.779.580 milyar\u0131na (<em>D\u00fcnya N\u00fcfusunun %23,49\u2019\u00fc), <\/em>150 milyon Km<sup>2<\/sup> olan d\u00fcnya karalar\u0131n\u0131n 30,9 milyon Km<sup>2<\/sup>\u2019sini <em>(D\u00fcnya Karalar\u0131n\u0131n %20,6\u2019s\u0131) <\/em>de 57 \u0130sl\u00e2m \u00dclkesinin sahip oldu\u011fu \u0130sl\u00e2m Co\u011frafyas\u0131, kendi aralar\u0131ndaki s\u0131n\u0131rlar yok say\u0131ld\u0131\u011f\u0131nda olu\u015fturduklar\u0131 blok ile:<\/span><\/p>\n<ul>\n<li style=\"text-align: justify;\"><span style=\"font-size: 18pt;\">D\u00fcnya adas\u0131 olarak bilinen Asya, Avrupa ve Afrika K\u0131talar\u0131n\u0131n merkezinde bulunan,<\/span><\/li>\n<li style=\"text-align: justify;\"><span style=\"font-size: 18pt;\">D\u00fcnyan\u0131n en b\u00fcy\u00fck i\u00e7 denizi konumundaki Akdeniz, K\u0131z\u0131l Deniz ve Karadeniz\u2019in giri\u015f kap\u0131lar\u0131 say\u0131lan <strong>Cebeli Tar\u0131k, Bab-El Mendeb, \u00c7anakkale ve \u0130stanbul bo\u011fazlar\u0131 ve S\u00fcvey\u015f Kanal\u0131n\u0131 kontrol eden,<\/strong><\/span><\/li>\n<li style=\"text-align: justify;\"><span style=\"font-size: 18pt;\">Atlas Okyanusu, Hint Okyanusu, Akdeniz, Karadeniz, K\u0131z\u0131ldeniz ve Hazar Denizine k\u0131y\u0131lar\u0131 olan,<\/span><\/li>\n<li style=\"text-align: justify;\"><span style=\"font-size: 18pt;\">Asya, Avrupa ve Afrika K\u0131talar\u0131na, Avrupa Birli\u011fi, Rusya, Hindistan, \u00c7in gibi k\u00fcresel g\u00fc\u00e7 say\u0131lan D\u00fcnyan\u0131n b\u00fcy\u00fck devletlerine kara ve denizden, Amerika Birle\u015fik Devletleri\u2019ne denizden s\u0131n\u0131r kom\u015fusu olan,<\/span><\/li>\n<li style=\"text-align: justify;\"><span style=\"font-size: 18pt;\">D\u00fcnya kara, hava ve deniz <strong>ula\u015f\u0131m yollar\u0131n\u0131n alternatifsiz merkezi <\/strong>olma imk\u00e2n\u0131na sahip bulunan,<\/span><\/li>\n<li style=\"text-align: justify;\"><span style=\"font-size: 18pt;\">D\u00fcnya <strong>petrol rezervlerinin <\/strong>%55,5\u2019ine, <strong>\u00fcretiminin <\/strong>%46,5\u2019ine, <strong>do\u011falgaz rezervlerinin <\/strong>%64\u20191\u2019ine, \u00fcretiminin %34\u2019\u00fcne sahip olan,<\/span><\/li>\n<\/ul>\n<p style=\"text-align: justify;\"><span style=\"font-size: 18pt;\">Jeopolitik konumu, ortak medeniyet de\u011ferleri ve tarihi birikimi ile imk\u00e2n, gayret ve hedeflerini birle\u015ftirerek gelece\u011fin s\u00fcper g\u00fcc\u00fc olmaya namzet potansiyel bir g\u00fcce sahip bulunmaktad\u0131r.<\/span><\/p>\n<p style=\"text-align: justify;\"><span style=\"font-size: 18pt;\">ASSAM 2017 \u2013 2023 y\u0131llar\u0131 aras\u0131nda y\u00fcr\u00fctt\u00fc\u011f\u00fc uluslararas\u0131 akademik \u00e7al\u0131\u015fmalar ile \u0130slam \u00dclkeleri birli\u011fi i\u00e7in model olu\u015fturmu\u015f, ASR\u0130KA \u0130slam \u00dclkeleri Konfederasyonu olarak adland\u0131rd\u0131\u011f\u0131 modelde \u0130slam Co\u011frafyas\u0131n\u0131n model olarak 9 federatif b\u00f6lgeden olu\u015fan bir konfederasyon alt\u0131nda birle\u015febilece\u011fini \u00f6n g\u00f6rm\u00fc\u015ft\u00fcr.<\/span><\/p>\n<p>\u00a0<img decoding=\"async\" class=\" size-full wp-image-1484\" style=\"display: block; margin-left: auto; margin-right: auto;\" src=\"https:\/\/assamcongress.com\/wp-content\/uploads\/2024\/05\/ASRIKA_Konfederasyonu.png\" width=\"800\" srcset=\"https:\/\/assamcongress.com\/download\/2024\/05\/ASRIKA_Konfederasyonu.png 1378w, https:\/\/assamcongress.com\/download\/2024\/05\/ASRIKA_Konfederasyonu-300x157.png 300w, https:\/\/assamcongress.com\/download\/2024\/05\/ASRIKA_Konfederasyonu-1024x534.png 1024w, https:\/\/assamcongress.com\/download\/2024\/05\/ASRIKA_Konfederasyonu-768x401.png 768w\" sizes=\"(max-width: 1378px) 100vw, 1378px\" \/><\/p>\n<p style=\"text-align: center;\"><span style=\"font-size: 12pt;\">Harita 1 Model ASR\u0130KA \u0130slam \u00dclkeleri Konfederasyon Co\u011frafyas\u0131<\/span><\/p>\n<p style=\"text-align: center;\"><span style=\"font-size: 12pt;\">\u00a0<\/span><\/p>\n<p><span style=\"font-size: 12pt;\">Tablo 1 Model ASR\u0130KA \u0130slam \u00dclkeleri Federasyon \u0130simleri ve \u0130sim K\u0131saltmalar\u0131<\/span><\/p>\n<table style=\"margin-left: auto; margin-right: auto;\" border=\"1\" width=\"98%\">\n<thead>\n<tr>\n<td style=\"text-align: center; width: 100.885px;\"><strong>K\u0131saltma<\/strong><\/td>\n<td style=\"text-align: center; width: 351.052px;\"><strong>B\u00f6lge<\/strong><\/td>\n<td style=\"text-align: center; width: 27.9271px;\"><strong>\u00a0<\/strong><\/td>\n<td style=\"text-align: center; width: 100.885px;\"><strong>K\u0131saltma<\/strong><\/td>\n<td style=\"text-align: center; width: 392.76px;\"><strong>B\u00f6lge<\/strong><\/td>\n<\/tr>\n<\/thead>\n<tbody>\n<tr>\n<td style=\"width: 100.885px;\"><strong>1. ODB\u0130F<\/strong><\/td>\n<td style=\"width: 351.052px;\">Orta Do\u011fu B\u00f6lgesel \u0130sl\u00e2m Devletleri Federasyonu<\/td>\n<td style=\"width: 27.9271px;\"><strong>\u00a0<\/strong><\/td>\n<td style=\"width: 100.885px;\"><strong>6. GBAB\u0130F<\/strong><\/td>\n<td style=\"width: 392.76px;\">G\u00fcney Bat\u0131 Afrika B\u00f6lgesel \u0130sl\u00e2m Devletleri Federasyonu<\/td>\n<\/tr>\n<tr>\n<td style=\"width: 100.885px;\"><strong>2. OAB\u0130F<\/strong><\/td>\n<td style=\"width: 351.052px;\">Orta Asya (T\u00fcrkistan) B\u00f6lgesel \u0130sl\u00e2m Devletleri Federasyonu<\/td>\n<td style=\"width: 27.9271px;\"><strong>\u00a0<\/strong><\/td>\n<td style=\"width: 100.885px;\"><strong>7. DAB\u0130F<\/strong><\/td>\n<td style=\"width: 392.76px;\">Do\u011fu Afrika B\u00f6lgesel \u0130slam Devletleri Federasyonu<\/td>\n<\/tr>\n<tr>\n<td style=\"width: 100.885px;\"><strong>3. YDAB\u0130F<\/strong><\/td>\n<td style=\"width: 351.052px;\">Yak\u0131n Do\u011fu Asya B\u00f6lgesel \u0130sl\u00e2m Devletleri Federasyonu<\/td>\n<td style=\"width: 27.9271px;\"><strong>\u00a0<\/strong><\/td>\n<td style=\"width: 100.885px;\"><strong>8. KBAB\u0130F<\/strong><\/td>\n<td style=\"width: 392.76px;\">Kuzey Bat\u0131 Afrika B\u00f6lgesel \u0130sl\u00e2m Devletleri Federasyonu<\/td>\n<\/tr>\n<tr>\n<td style=\"width: 100.885px;\"><strong>4. GDAB\u0130F<\/strong><\/td>\n<td style=\"width: 351.052px;\">G\u00fcney Do\u011fu Asya B\u00f6lgesel \u0130sl\u00e2m Devletleri Federasyonu<\/td>\n<td style=\"width: 27.9271px;\"><strong>\u00a0<\/strong><\/td>\n<td style=\"width: 100.885px;\"><strong>9. AB\u0130F<\/strong><\/td>\n<td style=\"width: 392.76px;\">Avrupa B\u00f6lgesel \u0130slam Devletleri Federasyonu<\/td>\n<\/tr>\n<tr>\n<td style=\"width: 100.885px;\"><strong>5. KAB\u0130F<\/strong><\/td>\n<td style=\"width: 351.052px;\">Kuzey Afrika B\u00f6lgesel \u0130sl\u00e2m Devletleri Federasyonu<\/td>\n<td style=\"width: 27.9271px;\">\u00a0<\/td>\n<td style=\"width: 100.885px;\">\u00a0<\/td>\n<td style=\"width: 392.76px;\">\u00a0<\/td>\n<\/tr>\n<\/tbody>\n<\/table>\n<p><span style=\"font-size: 12pt;\">\u015eekil 1 Model ASR\u0130KA \u0130slam \u00dclkeleri Konfederasyonu \u00dcye \u00dclkeleri Federatif Yap\u0131s\u0131<\/span><\/p>\n<p><img loading=\"lazy\" decoding=\"async\" class=\" size-full wp-image-1535\" style=\"display: block; margin-left: auto; margin-right: auto;\" src=\"https:\/\/assamcongress.com\/wp-content\/uploads\/2025\/05\/ASRIKA-Konfederasyonu-TR.png\" width=\"1303\" height=\"541\" \/><\/p>\n<h2><span style=\"font-size: 18pt;\">\u0130SLAM D\u00dcNYASININ MARUZ KALDI\u011eI K\u00dcRESEL SALDIRILAR<\/span><\/h2>\n<p style=\"text-align: justify;\"><span style=\"font-size: 18pt;\">Egemen olmas\u0131 gerekti\u011fi Co\u011frafyas\u0131nda <strong>\u0130sl\u00e2m D\u00fcnyas\u0131<\/strong>, her bir \u0130slam \u00dclkesinin \u00fcniter yap\u0131lar\u0131n\u0131n i\u00e7indeki etnik ve mezhepsel farkl\u0131l\u0131\u011fa sahip unsurlar\u0131n\u0131n birbirleri ile sava\u015ft\u0131r\u0131ld\u0131\u011f\u0131, <strong>ilan edilmemi\u015f, gizli, sinsi, kirli ve asimetrik \u00dc\u00e7\u00fcnc\u00fc D\u00fcnya Sava\u015f\u0131n\u0131n <\/strong>alan\u0131 haline getirilmi\u015ftir.<\/span><\/p>\n<p style=\"text-align: justify;\"><span style=\"font-size: 18pt;\"><strong>Sahip oldu\u011fu avantajlara ra\u011fmen \u0130slam \u00fclkeleri<\/strong>, emperyalist bat\u0131 devletlerinin m\u00fcdahaleleri ile b\u00fcy\u00fck bir karga\u015fa i\u00e7ine d\u00fc\u015fm\u00fc\u015ft\u00fcr. Bu karga\u015fan\u0131n sonucu olarak \u0130slam co\u011frafyas\u0131nda b\u00fcy\u00fck ac\u0131lar ve y\u0131k\u0131mlar ya\u015fanmaktad\u0131r. Milyonlarca M\u00fcsl\u00fcman evlerini, yurtlar\u0131n\u0131 terk etmek veya \u00f6lmek aras\u0131nda tercih yapmak zorunda b\u0131rak\u0131lmaktad\u0131r. G\u00f6\u00e7 yollar\u0131nda binlerce M\u00fcsl\u00fcman \u00e7e\u015fitli \u015fekillerde \u00f6lmekte, g\u00f6\u00e7 etmeyi ba\u015faranlar ise yoksulluk ve sefalet i\u00e7inde ya\u015famaya mahk\u00fbm b\u0131rak\u0131lmaktad\u0131r.<\/span><\/p>\n<p style=\"text-align: justify;\"><span style=\"font-size: 18pt;\">Birle\u015fmi\u015f milletler m\u00fclteciler y\u00fcksek komiserli\u011finin resmi verilerine g\u00f6re 2024 y\u0131l\u0131 itibari ile resmi kay\u0131tlara g\u00f6re d\u00fcnya \u00fczerinde 5,034,875 Suriye vatanda\u015f\u0131 g\u00f6\u00e7 etmi\u015ftir. Kay\u0131t alt\u0131na al\u0131namayan m\u00fcltecilerle bu rakam daha da y\u00fckselmektedir. Suriyeli M\u00fclteciler T\u00fcrkiye (3,136,353), Irak (273,258), \u00dcrd\u00fcn (639,552), M\u0131s\u0131r (155,825), L\u00fcbnan (784,884) ve Kuzey Afrika\u2019da di\u011fer yerlere (45,003) g\u00f6\u00e7 etmi\u015ftir. Bu rakamlar\u0131n d\u0131\u015f\u0131nda yo\u011fun bir \u015fekilde Avrupa\u2019ya g\u00f6\u00e7 giri\u015fimleri olmakta ve b\u00fcy\u00fck bir k\u0131sm\u0131 Akdeniz\u2019de ya\u015famlar\u0131n\u0131 yitirmektedir. Bu olumsuzluklara ra\u011fmen Nisan 2011 y\u0131l\u0131ndan Ocak 2021 y\u0131l\u0131na kadar Avrupa\u2019ya ge\u00e7en toplam kay\u0131tl\u0131 m\u00fclteci say\u0131s\u0131 ise 1.022.142 ki\u015fi olmu\u015ftur.<a href=\"#_ftn2\" name=\"_ftnref2\">[2]<\/a><\/span><\/p>\n<p style=\"text-align: justify;\"><span style=\"font-size: 18pt;\"><strong>\u00dc\u00e7\u00fcnc\u00fc D\u00fcnya Sava\u015f\u0131 \u0130slam \u00dclkelerine kar\u015f\u0131 ilan edilmemi\u015f bir sava\u015f <\/strong>(Hibrit Sava\u015f)<strong> olarak s\u00fcrd\u00fcr\u00fclmektedir<\/strong>. Osmanl\u0131&#8217;n\u0131n y\u0131k\u0131lmas\u0131ndan sonra y\u00f6netimsiz kalan M\u00fcsl\u00fcmanlar k\u00fc\u00e7\u00fck devlet\u00e7ikler kurarak varl\u0131klar\u0131n\u0131 devam ettirmeye \u00e7al\u0131\u015fm\u0131\u015f, ancak birlik ve beraberli\u011fini kaybettiklerinden k\u00fcresel g\u00fc\u00e7ler i\u00e7in kolay lokma haline gelmi\u015flerdir. <strong>Amerika Birle\u015fik Devletleri, Avrupa Birli\u011fi, \u0130ngiltere, Fransa, Rusya ve \u00c7in \u0130slam Co\u011frafyas\u0131n\u0131 ele ge\u00e7irmek i\u00e7in \u0130slam \u00dclkelerinde, kontrol ettikleri ter\u00f6r \u00f6rg\u00fctleri ve uygulad\u0131klar\u0131 asimetrik sava\u015f y\u00f6ntemleriyle vek\u00e2let sava\u015flar\u0131 y\u00fcr\u00fcterek<\/strong> otorite tesis etmeyi ama\u00e7lamaktad\u0131r.<\/span><\/p>\n<h1 style=\"text-align: center;\"><span style=\"font-size: 18pt;\">\u201cAVRUPA VE\u00a0ORTA ASYA (T\u00dcRK\u0130STAN) \u0130SLAM DEVLETLER\u0130 B\u00d6LGES\u0130 KR\u0130ZLER\u0130NE \u00c7\u00d6Z\u00dcM ARAYI\u015eI\u201d \u2013 2025 ULUSLARARASI KONGRES\u0130<\/span><\/h1>\n<h2><span style=\"font-size: 18pt;\">KAPSAM<\/span><\/h2>\n<p style=\"text-align: justify;\"><span style=\"font-size: 18pt;\">ASR\u0130KA \u0130slam Birli\u011fi Modeli <strong>\u201cKriz B\u00f6lgeleri Uluslararas\u0131<\/strong> <strong>Kongre Serisinin\u201d<\/strong>\u00a0ikincisi\u00a0<strong>\u201cAvrupa ve\u00a0Orta Asya (T\u00fcrkistan) \u0130slam Devletleri B\u00f6lgesindeki Krizlere \u00c7\u00f6z\u00fcm Aray\u0131\u015flar\u0131\u201d<\/strong> konulu olup T\u00fcrkistan Co\u011frafyas\u0131ndaki Siyasi \u0130stikrars\u0131zl\u0131klar, Kimlik ve S\u0131n\u0131r Anla\u015fmazl\u0131klar\u0131, B\u00fcy\u00fck G\u00fc\u00e7 Rekabeti, K\u0131br\u0131s Sorunu, Balkanlarda Dini, Siyasi ve Etnik Sorunlar ve \u00c7\u00f6z\u00fcm\u00fcne odaklanmaktad\u0131r.<\/span><\/p>\n<p style=\"text-align: justify;\"><span style=\"font-size: 18pt;\">ASSAM\u2019\u0131n <strong>Model ASR\u0130KA Konfederasyonu<\/strong>\u2019nu olu\u015fturan federasyonlardan ikisi olan Avrupa B\u00f6lgesel \u0130slam Devletleri Federasyonu \u2013 <strong>AB\u0130F<\/strong> ve\u00a0Orta Asya (T\u00fcrkistan) B\u00f6lgesel \u0130slam Devletleri Federasyonu \u2013 <strong>OAB\u0130F<\/strong> <strong>kapsam\u0131nda toplam 12 \u00fclke yer almaktad\u0131r<\/strong>;<\/span><\/p>\n<p style=\"text-align: justify;\"><span style=\"font-size: 18pt;\"><strong>Model ASR\u0130KA\u00a0Avrupa B\u00f6lgesel \u0130slam Devletleri Federasyonu \u2013 AB\u0130F<\/strong>; Arnavutluk, Bosna Hersek, Kosova, Kuzey Makedonya olmak \u00fczere\u00a04 \u00fclke\u2026<\/span><\/p>\n<p style=\"text-align: justify;\"><span style=\"font-size: 18pt;\"><strong>Model ASR\u0130KA\u00a0Orta Asya (T\u00fcrkistan) B\u00f6lgesel \u0130slam Devletleri Federasyonu \u2013 OAB\u0130F<\/strong>; Azerbaycan, Kazakistan, K\u0131rg\u0131zistan, KKTC, \u00d6zbekistan, Tacikistan, T\u00fcrkiye, T\u00fcrkmenistan olmak \u00fczere\u00a08 \u00fclke\u2026<\/span><\/p>\n<p><img loading=\"lazy\" decoding=\"async\" class=\" size-full wp-image-1538\" style=\"display: block; margin-left: auto; margin-right: auto;\" src=\"https:\/\/assamcongress.com\/wp-content\/uploads\/2025\/05\/ASSAM-ABIF-OABIF-harita-2.jpg\" width=\"800\" height=\"455\" srcset=\"https:\/\/assamcongress.com\/download\/2025\/05\/ASSAM-ABIF-OABIF-harita-2.jpg 1191w, https:\/\/assamcongress.com\/download\/2025\/05\/ASSAM-ABIF-OABIF-harita-2-300x170.jpg 300w, https:\/\/assamcongress.com\/download\/2025\/05\/ASSAM-ABIF-OABIF-harita-2-1024x581.jpg 1024w, https:\/\/assamcongress.com\/download\/2025\/05\/ASSAM-ABIF-OABIF-harita-2-768x436.jpg 768w\" sizes=\"auto, (max-width: 800px) 100vw, 800px\" \/><\/p>\n<p style=\"text-align: center;\"><span style=\"font-size: 12pt;\">Harita 2 AB\u0130F ve OAB\u0130F Devletleri<\/span><\/p>\n<h2><span style=\"font-size: 18pt;\">KONGRE PAYDA\u015eLARI\u00a0<\/span><\/h2>\n<p style=\"text-align: justify;\"><span style=\"font-size: 18pt;\">\u0130kinci seri kongrelerin ikincisi ASSAM merkezinin bulundu\u011fu \u0130stanbul\u2019da, \u0130slam Alimleri Vakf\u0131 (\u0130AV), \u0130slam D\u00fcnyas\u0131 Sivil Toplum Kurulu\u015flar\u0131 Birli\u011fi (\u0130DSB), T\u00fcrkiye G\u00f6n\u00fcll\u00fc Te\u015fekk\u00fcller Vakf\u0131 (TGTV), Afro-Asya \u00dcniversiteler Birli\u011fi (UAAU) ve Adaleti Savunanlar Derne\u011fi (ASDER) i\u015ftiraki ile yap\u0131lacakt\u0131r.<\/span><\/p>\n<h2><span style=\"font-size: 18pt;\">KONGRE ALT BA\u015eLIKLARI<\/span><\/h2>\n<p><span style=\"font-size: 18pt;\"><a href=\"https:\/\/assamcongress.com\/tr\/kongre-alt-basliklari-25\/\" target=\"_blank\" rel=\"noopener noreferrer\">Kongre Alt Ba\u015fl\u0131klar\u0131 i\u00e7in t\u0131klay\u0131n\u0131z.<\/a><\/span><\/p>\n<h2>\u00a0<\/h2>\n<h2><span style=\"font-size: 18pt;\">\u00d6NEML\u0130 TAR\u0130HLER<\/span><\/h2>\n<p><span style=\"font-size: 18pt;\">\u00d6zet g\u00f6nderim ve Kongre tarihi gibi <a href=\"https:\/\/assamcongress.com\/tr\/onemli-tarihler-25\/\" target=\"_blank\" rel=\"noopener noreferrer\">\u00d6nemli Tarihler i\u00e7in t\u0131klay\u0131n\u0131z<\/a>.<\/span><\/p>\n<h1><span style=\"font-size: 18pt;\"><strong>KONGRE BEYANNAMES\u0130<\/strong><\/span><\/h1>\n<p><span style=\"font-size: 18pt;\">ASSAM &#8220;Avrupa ve Orta Asya \u0130slam Devletleri B\u00f6lgesi Krizlerine \u00c7\u00f6z\u00fcm Aray\u0131\u015f\u0131 \u2013 2025 Kongresi&#8221; Beyannamesini <a href=\"https:\/\/assamcongress.com\/download\/2025_ASSAM_KONGRE_BEYANNAMESI-TR.pdf\" target=\"_blank\" rel=\"noopener noreferrer\">indirmek i\u00e7in t\u0131klay\u0131n\u0131z<\/a>. <\/span><\/p>\n<p style=\"text-align: left;\"><span style=\"font-size: 18pt;\"><a href=\"#_ftnref1\" name=\"_ftn1\">[1]<\/a> <a href=\"https:\/\/dergipark.org.tr\/assam\" target=\"_blank\" rel=\"noopener noreferrer\">https:\/\/dergipark.org.tr\/assam<\/a><\/span><\/p>\n<p style=\"text-align: left;\"><span style=\"font-size: 18pt;\"><a href=\"#_ftnref2\" name=\"_ftn2\">[2]<\/a> <a href=\"https:\/\/data2.unhcr.org\/en\/situations\/syria\" target=\"_blank\" rel=\"noopener noreferrer\">https:\/\/data2.unhcr.org\/en\/situations\/syria<\/a><\/span><\/p>\n\n\n<p><\/p>\n\n<\/div>\n<\/div><\/div>\n<\/div><\/section><\/div>\n<\/div><\/div>\n<\/div><\/section><\/div>\n\n\n\n<div class=\"section-wrapper\" data-id=\"ql73sa\"><section class=\"wp-block-gutenverse-section guten-element guten-section guten-ql73sa layout-boxed align-stretch\"><div class=\"guten-container guten-column-gap-no\">\n<div class=\"wp-block-gutenverse-column guten-element guten-column guten-DAJwP8\"><div class=\"guten-column-wrapper\" data-id=\"DAJwP8\">\n<div class=\"section-wrapper\" data-id=\"TBQ3Bx\"><section class=\"wp-block-gutenverse-section guten-element guten-section guten-TBQ3Bx layout-boxed align-stretch\"><div class=\"guten-container guten-column-gap-default\">\n<div class=\"wp-block-gutenverse-column guten-element guten-column guten-7ytwlX animated guten-element-hide desktop-fadeInUp\"><div class=\"guten-column-wrapper\" data-id=\"7ytwlX\">\n<h2 class=\"wp-block-heading has-text-align-center\">ETK\u0130NL\u0130K GALER\u0130S\u0130<\/h2>\n\n\n\n<div class=\"guten-element guten-gallery guten-Qy68fL layout-overlay grid-desktop-3 grid-tablet-2 grid-mobile-2\" data-grid=\"masonry\"><div class=\"gutenverse-popup-gallery hidden\"><div class=\"gallery-header\"><div class=\"left-header\"><\/div><div class=\"right-header\"><svg xmlns=\"http:\/\/www.w3.org\/2000\/svg\" width=\"24\" height=\"24\" viewBox=\"0 0 24 24\" fill=\"none\" stroke=\"currentColor\" stroke-width=\"2\" stroke-linecap=\"round\" stroke-linejoin=\"round\" class=\"icon-fullscreen\"><path d=\"M8 3H5a2 2 0 0 0-2 2v3m18 0V5a2 2 0 0 0-2-2h-3m0 18h3a2 2 0 0 0 2-2v-3M3 16v3a2 2 0 0 0 2 2h3\"><\/path><\/svg><svg xmlns=\"http:\/\/www.w3.org\/2000\/svg\" width=\"24\" height=\"24\" viewBox=\"0 0 24 24\" fill=\"none\" stroke=\"currentColor\" stroke-width=\"2\" stroke-linecap=\"round\" stroke-linejoin=\"round\" class=\"icon-minimize hidden\"><path d=\"M8 3v3a2 2 0 0 1-2 2H3m18 0h-3a2 2 0 0 1-2-2V3m0 18v-3a2 2 0 0 1 2-2h3M3 16h3a2 2 0 0 1 2 2v3\"><\/path><\/svg><svg xmlns=\"http:\/\/www.w3.org\/2000\/svg\" width=\"24\" height=\"24\" viewBox=\"0 0 24 24\" fill=\"none\" stroke=\"currentColor\" stroke-width=\"2\" stroke-linecap=\"round\" stroke-linejoin=\"round\" class=\"icon-zoom\"><circle cx=\"11\" cy=\"11\" r=\"8\"><\/circle><line x1=\"21\" y1=\"21\" x2=\"16.65\" y2=\"16.65\"><\/line><line x1=\"11\" y1=\"8\" x2=\"11\" y2=\"14\"><\/line><line x1=\"8\" y1=\"11\" x2=\"14\" y2=\"11\"><\/line><\/svg><svg xmlns=\"http:\/\/www.w3.org\/2000\/svg\" width=\"24\" height=\"24\" viewBox=\"0 0 24 24\" fill=\"none\" stroke=\"currentColor\" stroke-width=\"2\" stroke-linecap=\"round\" stroke-linejoin=\"round\" class=\"icon-close\"><line x1=\"18\" y1=\"6\" x2=\"6\" y2=\"18\"><\/line><line x1=\"6\" y1=\"6\" x2=\"18\" y2=\"18\"><\/line><\/svg><\/div><\/div><div class=\"gallery-body\"><div class=\"images\"><div id=\"guten-Qy68fL\" class=\"swiper-container\"><div class=\"swiper-wrapper\"><div class=\"swiper-slide image-list image-list-0\" data-filter=\"\" data-title=\"\" data-content=\"\" data-index=\"0\"><div class=\"content-image swiper-zoom-container\"><img decoding=\"async\" class=\"main-image\" src=\"https:\/\/assamcongress.com\/wp-content\/uploads\/2025\/09\/c44919ebdc254592daef0eb38e917e67_resized.jpg\" alt=\"\"\/><\/div><\/div><div class=\"swiper-slide image-list image-list-1\" data-filter=\"\" data-title=\"\" data-content=\"\" data-index=\"1\"><div class=\"content-image swiper-zoom-container\"><img decoding=\"async\" class=\"main-image\" src=\"https:\/\/assamcongress.com\/wp-content\/uploads\/2025\/09\/c2e531e2e32e90ecf84a572378b34a86_resized.jpg\" alt=\"\"\/><\/div><\/div><div class=\"swiper-slide image-list image-list-2\" data-filter=\"\" data-title=\"\" data-content=\"\" data-index=\"2\"><div class=\"content-image swiper-zoom-container\"><img decoding=\"async\" class=\"main-image\" src=\"https:\/\/assamcongress.com\/wp-content\/uploads\/2025\/09\/ac6026ab694c4e07cbea516fa1ac1bed_resized.jpg\" alt=\"\"\/><\/div><\/div><div class=\"swiper-slide image-list image-list-3\" data-filter=\"\" data-title=\"\" data-content=\"\" data-index=\"3\"><div class=\"content-image swiper-zoom-container\"><img decoding=\"async\" class=\"main-image\" src=\"https:\/\/assamcongress.com\/wp-content\/uploads\/2025\/09\/a4e1b7d5b954928f3d8316ea7c58652c_resized.jpg\" alt=\"\"\/><\/div><\/div><div class=\"swiper-slide image-list image-list-4\" data-filter=\"\" data-title=\"\" data-content=\"\" data-index=\"4\"><div class=\"content-image swiper-zoom-container\"><img decoding=\"async\" class=\"main-image\" src=\"https:\/\/assamcongress.com\/wp-content\/uploads\/2025\/09\/6ac5f147c89cf8aba383560a844ccf7a_resized.jpg\" alt=\"\"\/><\/div><\/div><div class=\"swiper-slide image-list image-list-5\" data-filter=\"\" data-title=\"\" data-content=\"\" data-index=\"5\"><div class=\"content-image swiper-zoom-container\"><img decoding=\"async\" class=\"main-image\" src=\"https:\/\/assamcongress.com\/wp-content\/uploads\/2025\/09\/8b46abb28490287343c0cf5338ee65c7_resized.jpg\" alt=\"\"\/><\/div><\/div><div class=\"swiper-slide image-list image-list-6\" data-filter=\"\" data-title=\"\" data-content=\"\" data-index=\"6\"><div class=\"content-image swiper-zoom-container\"><img decoding=\"async\" class=\"main-image\" src=\"https:\/\/assamcongress.com\/wp-content\/uploads\/2025\/09\/e1c9cd0e144c75000d50613b93cfbd04_resized.jpg\" alt=\"\"\/><\/div><\/div><div class=\"swiper-slide image-list image-list-7\" data-filter=\"\" data-title=\"\" data-content=\"\" data-index=\"7\"><div class=\"content-image swiper-zoom-container\"><img decoding=\"async\" class=\"main-image\" src=\"https:\/\/assamcongress.com\/wp-content\/uploads\/2025\/09\/88cabbdb7e39222da1cb5c20c49ed529_resized.jpg\" alt=\"\"\/><\/div><\/div><\/div><div class=\"swiper-button-prev\"><\/div><div class=\"swiper-button-next\"><\/div><\/div><\/div><\/div><\/div><div class=\"gallery-items\" data-loaded=\"10\" data-more=\"2\" data-max=\"8\"><div class=\"gallery-item-wrap \" data-index=\"0\" data-control=\"\"><div class=\"grid-item\"><div class=\"thumbnail-wrap\"><img decoding=\"async\" src=\"https:\/\/assamcongress.com\/wp-content\/uploads\/2025\/09\/c44919ebdc254592daef0eb38e917e67_resized.jpg\" alt=\"\"\/><div class=\"caption-wrap style-overlay overlay-overlay animated fade-in\"><div class=\"item-hover-bg\"><\/div><div class=\"item-caption-over\"><h5 class=\"item-title\"><\/h5><div class=\"item-content\"><\/div><div class=\"item-buttons\"><div class=\"gallery-link zoom with-text\"><span class=\"item-icon-inner\"><i class=\"fas fa-search-plus\" aria-hidden=\"true\"><\/i><\/span><\/div><\/div><\/div><div class=\"caption-head\"><\/div><\/div><\/div><\/div><\/div><div class=\"gallery-item-wrap \" data-index=\"1\" data-control=\"\"><div class=\"grid-item\"><div class=\"thumbnail-wrap\"><img decoding=\"async\" src=\"https:\/\/assamcongress.com\/wp-content\/uploads\/2025\/09\/c2e531e2e32e90ecf84a572378b34a86_resized.jpg\" alt=\"\"\/><div class=\"caption-wrap style-overlay overlay-overlay animated fade-in\"><div class=\"item-hover-bg\"><\/div><div class=\"item-caption-over\"><h5 class=\"item-title\"><\/h5><div class=\"item-content\"><\/div><div class=\"item-buttons\"><div class=\"gallery-link zoom with-text\"><span class=\"item-icon-inner\"><i class=\"fas fa-search-plus\" aria-hidden=\"true\"><\/i><\/span><\/div><\/div><\/div><div class=\"caption-head\"><\/div><\/div><\/div><\/div><\/div><div class=\"gallery-item-wrap \" data-index=\"2\" data-control=\"\"><div class=\"grid-item\"><div class=\"thumbnail-wrap\"><img decoding=\"async\" src=\"https:\/\/assamcongress.com\/wp-content\/uploads\/2025\/09\/ac6026ab694c4e07cbea516fa1ac1bed_resized.jpg\" alt=\"\"\/><div class=\"caption-wrap style-overlay overlay-overlay animated fade-in\"><div class=\"item-hover-bg\"><\/div><div class=\"item-caption-over\"><h5 class=\"item-title\"><\/h5><div class=\"item-content\"><\/div><div class=\"item-buttons\"><div class=\"gallery-link zoom with-text\"><span class=\"item-icon-inner\"><i class=\"fas fa-search-plus\" aria-hidden=\"true\"><\/i><\/span><\/div><\/div><\/div><div class=\"caption-head\"><\/div><\/div><\/div><\/div><\/div><div class=\"gallery-item-wrap \" data-index=\"3\" data-control=\"\"><div class=\"grid-item\"><div class=\"thumbnail-wrap\"><img decoding=\"async\" src=\"https:\/\/assamcongress.com\/wp-content\/uploads\/2025\/09\/a4e1b7d5b954928f3d8316ea7c58652c_resized.jpg\" alt=\"\"\/><div class=\"caption-wrap style-overlay overlay-overlay animated fade-in\"><div class=\"item-hover-bg\"><\/div><div class=\"item-caption-over\"><h5 class=\"item-title\"><\/h5><div class=\"item-content\"><\/div><div class=\"item-buttons\"><div class=\"gallery-link zoom with-text\"><span class=\"item-icon-inner\"><i class=\"fas fa-search-plus\" aria-hidden=\"true\"><\/i><\/span><\/div><\/div><\/div><div class=\"caption-head\"><\/div><\/div><\/div><\/div><\/div><div class=\"gallery-item-wrap \" data-index=\"4\" data-control=\"\"><div class=\"grid-item\"><div class=\"thumbnail-wrap\"><img decoding=\"async\" src=\"https:\/\/assamcongress.com\/wp-content\/uploads\/2025\/09\/6ac5f147c89cf8aba383560a844ccf7a_resized.jpg\" alt=\"\"\/><div class=\"caption-wrap style-overlay overlay-overlay animated fade-in\"><div class=\"item-hover-bg\"><\/div><div class=\"item-caption-over\"><h5 class=\"item-title\"><\/h5><div class=\"item-content\"><\/div><div class=\"item-buttons\"><div class=\"gallery-link zoom with-text\"><span class=\"item-icon-inner\"><i class=\"fas fa-search-plus\" aria-hidden=\"true\"><\/i><\/span><\/div><\/div><\/div><div class=\"caption-head\"><\/div><\/div><\/div><\/div><\/div><div class=\"gallery-item-wrap \" data-index=\"5\" data-control=\"\"><div class=\"grid-item\"><div class=\"thumbnail-wrap\"><img decoding=\"async\" src=\"https:\/\/assamcongress.com\/wp-content\/uploads\/2025\/09\/8b46abb28490287343c0cf5338ee65c7_resized.jpg\" alt=\"\"\/><div class=\"caption-wrap style-overlay overlay-overlay animated fade-in\"><div class=\"item-hover-bg\"><\/div><div class=\"item-caption-over\"><h5 class=\"item-title\"><\/h5><div class=\"item-content\"><\/div><div class=\"item-buttons\"><div class=\"gallery-link zoom with-text\"><span class=\"item-icon-inner\"><i class=\"fas fa-search-plus\" aria-hidden=\"true\"><\/i><\/span><\/div><\/div><\/div><div class=\"caption-head\"><\/div><\/div><\/div><\/div><\/div><div class=\"gallery-item-wrap \" data-index=\"6\" data-control=\"\"><div class=\"grid-item\"><div class=\"thumbnail-wrap\"><img decoding=\"async\" src=\"https:\/\/assamcongress.com\/wp-content\/uploads\/2025\/09\/e1c9cd0e144c75000d50613b93cfbd04_resized.jpg\" alt=\"\"\/><div class=\"caption-wrap style-overlay overlay-overlay animated fade-in\"><div class=\"item-hover-bg\"><\/div><div class=\"item-caption-over\"><h5 class=\"item-title\"><\/h5><div class=\"item-content\"><\/div><div class=\"item-buttons\"><div class=\"gallery-link zoom with-text\"><span class=\"item-icon-inner\"><i class=\"fas fa-search-plus\" aria-hidden=\"true\"><\/i><\/span><\/div><\/div><\/div><div class=\"caption-head\"><\/div><\/div><\/div><\/div><\/div><div class=\"gallery-item-wrap \" data-index=\"7\" data-control=\"\"><div class=\"grid-item\"><div class=\"thumbnail-wrap\"><img decoding=\"async\" src=\"https:\/\/assamcongress.com\/wp-content\/uploads\/2025\/09\/88cabbdb7e39222da1cb5c20c49ed529_resized.jpg\" alt=\"\"\/><div class=\"caption-wrap style-overlay overlay-overlay animated fade-in\"><div class=\"item-hover-bg\"><\/div><div class=\"item-caption-over\"><h5 class=\"item-title\"><\/h5><div class=\"item-content\"><\/div><div class=\"item-buttons\"><div class=\"gallery-link zoom with-text\"><span class=\"item-icon-inner\"><i class=\"fas fa-search-plus\" aria-hidden=\"true\"><\/i><\/span><\/div><\/div><\/div><div class=\"caption-head\"><\/div><\/div><\/div><\/div><\/div><\/div><\/div>\n<\/div><\/div>\n<\/div><\/section><\/div>\n<\/div><\/div>\n<\/div><\/section><\/div>\n\n\n\n<div class=\"section-wrapper\" data-id=\"T7EiF1\"><section class=\"wp-block-gutenverse-section guten-element guten-section guten-T7EiF1 layout-boxed align-stretch\"><div class=\"guten-container guten-column-gap-default\">\n<div class=\"wp-block-gutenverse-column guten-element guten-column guten-aJ9ySj\"><div class=\"guten-column-wrapper\" data-id=\"aJ9ySj\">\n<div class=\"section-wrapper\" data-id=\"3fZU9d\"><section class=\"wp-block-gutenverse-section guten-element guten-section guten-3fZU9d layout-fullwidth align-stretch\"><div class=\"guten-container guten-column-gap-no\">\n<div class=\"wp-block-gutenverse-column guten-element guten-column guten-X92L8Y\"><div class=\"guten-column-wrapper\" data-id=\"X92L8Y\">\n<div class=\"section-wrapper\" data-id=\"ZANuw2\"><section class=\"wp-block-gutenverse-section guten-element guten-section guten-ZANuw2 animated guten-element-hide desktop-slideInUp layout-boxed align-stretch\"><div class=\"guten-container guten-column-gap-no\">\n<div class=\"wp-block-gutenverse-column guten-element guten-column guten-rmj12g animated guten-element-hide desktop-fadeInUp\"><div class=\"guten-column-wrapper\" data-id=\"rmj12g\">\n<h2 class=\"wp-block-gutenverse-heading guten-element guten-ljBeSP animated guten-element-hide desktop-fadeInUp\">KONGRE PAYDA\u015eLARIMIZ<\/h2>\n\n\n\n<figure class=\"wp-block-gallery aligncenter has-nested-images columns-6 nk-logos wp-block-gallery-1 is-layout-flex wp-block-gallery-is-layout-flex\">\n<figure class=\"wp-block-image size-full is-style-default\"><img loading=\"lazy\" decoding=\"async\" width=\"1600\" height=\"774\" data-id=\"1882\" src=\"https:\/\/assamcongress.com\/download\/2025\/09\/a-3.png\" alt=\"\" class=\"wp-image-1882\" srcset=\"https:\/\/assamcongress.com\/download\/2025\/09\/a-3.png 1600w, https:\/\/assamcongress.com\/download\/2025\/09\/a-3-300x145.png 300w, https:\/\/assamcongress.com\/download\/2025\/09\/a-3-1024x495.png 1024w, https:\/\/assamcongress.com\/download\/2025\/09\/a-3-768x372.png 768w, https:\/\/assamcongress.com\/download\/2025\/09\/a-3-1536x743.png 1536w\" sizes=\"auto, (max-width: 1600px) 100vw, 1600px\" \/><\/figure>\n\n\n\n<figure class=\"wp-block-image size-full\"><img loading=\"lazy\" decoding=\"async\" width=\"2560\" height=\"2560\" data-id=\"1888\" src=\"https:\/\/assamcongress.com\/download\/2025\/09\/ASSAM-Logo-2023-1-scaled.png\" alt=\"\" class=\"wp-image-1888\" srcset=\"https:\/\/assamcongress.com\/download\/2025\/09\/ASSAM-Logo-2023-1-scaled.png 2560w, https:\/\/assamcongress.com\/download\/2025\/09\/ASSAM-Logo-2023-1-300x300.png 300w, https:\/\/assamcongress.com\/download\/2025\/09\/ASSAM-Logo-2023-1-1024x1024.png 1024w, https:\/\/assamcongress.com\/download\/2025\/09\/ASSAM-Logo-2023-1-150x150.png 150w, https:\/\/assamcongress.com\/download\/2025\/09\/ASSAM-Logo-2023-1-768x768.png 768w, https:\/\/assamcongress.com\/download\/2025\/09\/ASSAM-Logo-2023-1-1536x1536.png 1536w, https:\/\/assamcongress.com\/download\/2025\/09\/ASSAM-Logo-2023-1-2048x2048.png 2048w\" sizes=\"auto, (max-width: 2560px) 100vw, 2560px\" \/><\/figure>\n\n\n\n<figure class=\"wp-block-image size-full\"><img loading=\"lazy\" decoding=\"async\" width=\"1324\" height=\"1323\" data-id=\"1885\" src=\"https:\/\/assamcongress.com\/download\/2025\/09\/a-4.png\" alt=\"\" class=\"wp-image-1885\" srcset=\"https:\/\/assamcongress.com\/download\/2025\/09\/a-4.png 1324w, https:\/\/assamcongress.com\/download\/2025\/09\/a-4-300x300.png 300w, https:\/\/assamcongress.com\/download\/2025\/09\/a-4-1024x1024.png 1024w, https:\/\/assamcongress.com\/download\/2025\/09\/a-4-150x150.png 150w, https:\/\/assamcongress.com\/download\/2025\/09\/a-4-768x767.png 768w\" sizes=\"auto, (max-width: 1324px) 100vw, 1324px\" \/><\/figure>\n\n\n\n<figure class=\"wp-block-image size-full\"><img loading=\"lazy\" decoding=\"async\" width=\"219\" height=\"230\" data-id=\"1876\" src=\"https:\/\/assamcongress.com\/download\/2025\/09\/a-1.png\" alt=\"\" class=\"wp-image-1876\"\/><\/figure>\n\n\n\n<figure class=\"wp-block-image size-full\"><img loading=\"lazy\" decoding=\"async\" width=\"1420\" height=\"1419\" data-id=\"1930\" src=\"https:\/\/assamcongress.com\/download\/2025\/09\/a5.png\" alt=\"\" class=\"wp-image-1930\" srcset=\"https:\/\/assamcongress.com\/download\/2025\/09\/a5.png 1420w, https:\/\/assamcongress.com\/download\/2025\/09\/a5-300x300.png 300w, https:\/\/assamcongress.com\/download\/2025\/09\/a5-1024x1024.png 1024w, https:\/\/assamcongress.com\/download\/2025\/09\/a5-150x150.png 150w, https:\/\/assamcongress.com\/download\/2025\/09\/a5-768x767.png 768w\" sizes=\"auto, (max-width: 1420px) 100vw, 1420px\" \/><\/figure>\n\n\n\n<figure class=\"wp-block-image size-full\"><img loading=\"lazy\" decoding=\"async\" width=\"2560\" height=\"990\" data-id=\"1879\" src=\"https:\/\/assamcongress.com\/download\/2025\/09\/a-2.png\" alt=\"\" class=\"wp-image-1879\" srcset=\"https:\/\/assamcongress.com\/download\/2025\/09\/a-2.png 2560w, https:\/\/assamcongress.com\/download\/2025\/09\/a-2-300x116.png 300w, https:\/\/assamcongress.com\/download\/2025\/09\/a-2-1024x396.png 1024w, https:\/\/assamcongress.com\/download\/2025\/09\/a-2-768x297.png 768w, https:\/\/assamcongress.com\/download\/2025\/09\/a-2-1536x594.png 1536w, https:\/\/assamcongress.com\/download\/2025\/09\/a-2-2048x792.png 2048w\" sizes=\"auto, (max-width: 2560px) 100vw, 2560px\" \/><\/figure>\n<\/figure>\n<\/div><\/div>\n<\/div><\/section><\/div>\n\n\n\n<div class=\"section-wrapper\" data-id=\"AsAwDY\"><section class=\"wp-block-gutenverse-section guten-element guten-section guten-AsAwDY layout-boxed align-stretch\"><div class=\"guten-container guten-column-gap-default\">\n<div class=\"wp-block-gutenverse-column guten-element guten-column guten-meUdz2\"><div class=\"guten-column-wrapper\" data-id=\"meUdz2\">\n<h3 class=\"wp-block-gutenverse-heading guten-element guten-r3umLU animated guten-element-hide desktop-fadeIn\">PAYDA\u015eLARIMIZIN TAM L\u0130STES\u0130<\/h3>\n\n\n\n<div class=\"section-wrapper\" data-id=\"oSRcmx\"><section class=\"wp-block-gutenverse-section guten-element guten-section guten-oSRcmx layout-boxed align-stretch\"><div class=\"guten-container guten-column-gap-default\">\n<div class=\"wp-block-gutenverse-column guten-element guten-column guten-pR1g0V animated guten-element-hide slow desktop-fadeInUp\"><div class=\"guten-column-wrapper\" data-id=\"pR1g0V\">\n<figure class=\"wp-block-table is-style-stripes\"><table style=\"border-style:none;border-width:0px\"><tbody><tr><td class=\"has-text-align-left\" data-align=\"left\">IDSB &#8211; \u0130slam D\u00fcnyas\u0131 Sivil Toplum Kurulu\u015flar\u0131 Birli\u011fi<\/td><\/tr><tr><td class=\"has-text-align-left\" data-align=\"left\">TGTV &#8211; T\u00fcrkiye G\u00f6n\u00fcll\u00fc Te\u015fekk\u00fcller Vakf\u0131<\/td><\/tr><tr><td class=\"has-text-align-left\" data-align=\"left\">IAV &#8211; \u0130slam Alimleri Vakf\u0131<\/td><\/tr><tr><td class=\"has-text-align-left\" data-align=\"left\">UAAU &#8211; Afrika Asya \u00dcniversiteler Birli\u011fi<\/td><\/tr><tr><td class=\"has-text-align-left\" data-align=\"left\">ASDER &#8211; Adaleti Savunanlar Derne\u011fi<\/td><\/tr><tr><td class=\"has-text-align-left\" data-align=\"left\">AFRO ASIA University<\/td><\/tr><tr><td class=\"has-text-align-left\" data-align=\"left\">Al-Azhar University, Egypt<\/td><\/tr><tr><td class=\"has-text-align-left\" data-align=\"left\">Arab Federation for Environment and Sustainable Development<\/td><\/tr><tr><td class=\"has-text-align-left\" data-align=\"left\">Arab Federation of Archaeology, affiliated with the League of Arab States<\/td><\/tr><tr><td class=\"has-text-align-left\" data-align=\"left\">Arab Media Union, Egypt<\/td><\/tr><tr><td class=\"has-text-align-left\" data-align=\"left\">Arab Union for Culture and Creativity, Yemen<\/td><\/tr><tr><td class=\"has-text-align-left\" data-align=\"left\">Benha University, Egypt<\/td><\/tr><tr><td class=\"has-text-align-left\" data-align=\"left\">Darussalam, Gontor, University \u2013 Indonesia<\/td><\/tr><tr><td class=\"has-text-align-left\" data-align=\"left\">Egyptian Inventors Syndicate<\/td><\/tr><tr><td class=\"has-text-align-left\" data-align=\"left\">EL-Zitouna University, Tunisia<\/td><\/tr><tr><td class=\"has-text-align-left\" data-align=\"left\">Federation of Arab Women Leaders, affiliated with the League of Arab States<\/td><\/tr><tr><td class=\"has-text-align-left\" data-align=\"left\">Federation of Indonesian Universities<\/td><\/tr><tr><td class=\"has-text-align-left\" data-align=\"left\">Federation of Iraqi Universities<\/td><\/tr><tr><td class=\"has-text-align-left\" data-align=\"left\">Ibn Tofail University, Morocco<\/td><\/tr><tr><td class=\"has-text-align-left\" data-align=\"left\">Ibn Zohr University In Morocco<\/td><\/tr><tr><td class=\"has-text-align-left\" data-align=\"left\">International Association of Islamic Literature<\/td><\/tr><tr><td class=\"has-text-align-left\" data-align=\"left\">International Federation of Journalism and Media, affiliated with the European Union<\/td><\/tr><tr><td class=\"has-text-align-left\" data-align=\"left\">International Union of Muslim Scholars in Qatar<\/td><\/tr><tr><td class=\"has-text-align-left\" data-align=\"left\">Iraqi Inventors Syndicate<\/td><\/tr><tr><td class=\"has-text-align-left\" data-align=\"left\">Islamic University of Serbia<\/td><\/tr><tr><td class=\"has-text-align-left\" data-align=\"left\">Istanbul Foundation for Culture and Science<\/td><\/tr><tr><td class=\"has-text-align-left\" data-align=\"left\">Malik Ibrahim University, Indonesia<\/td><\/tr><tr><td class=\"has-text-align-left\" data-align=\"left\">Muhammadiyah University, &#8211; Indonesia<\/td><\/tr><tr><td class=\"has-text-align-left\" data-align=\"left\">Sidi Mohammed Ben Abdellah University, Fez, Morocco<\/td><\/tr><tr><td class=\"has-text-align-left\" data-align=\"left\">Syarif Hidayatullah Islamic University, Indonesia<\/td><\/tr><tr><td class=\"has-text-align-left\" data-align=\"left\">University of Constantine in Algeria<\/td><\/tr><tr><td class=\"has-text-align-left\" data-align=\"left\">University of Oran<\/td><\/tr><tr><td class=\"has-text-align-left\" data-align=\"left\">World Federation of International Islamic Arab Schools, affiliated with the Organization of Islamic Cooperation<\/td><\/tr><\/tbody><\/table><\/figure>\n<\/div><\/div>\n<\/div><\/section><\/div>\n<\/div><\/div>\n<\/div><\/section><\/div>\n<\/div><\/div>\n<\/div><\/section><\/div>\n\n<\/div><\/div>\n<\/div><\/section><\/div>\n\n\n\n<div class=\"section-wrapper\" data-id=\"3fZU9d\"><section class=\"wp-block-gutenverse-section guten-element guten-section guten-3fZU9d layout-boxed align-stretch\"><div class=\"guten-container guten-column-gap-no\">\n<div class=\"wp-block-gutenverse-column guten-element guten-column guten-X92L8Y\"><div class=\"guten-column-wrapper\" data-id=\"X92L8Y\">\n<div class=\"section-wrapper\" data-id=\"38SYN7\"><section class=\"wp-block-gutenverse-section guten-element guten-section guten-38SYN7 layout-boxed align-stretch\"><div class=\"guten-container guten-column-gap-no\">\n<div class=\"wp-block-gutenverse-column guten-element guten-column guten-MSjw91\"><div class=\"guten-column-wrapper\" data-id=\"MSjw91\">\n<h2 class=\"wp-block-heading has-text-align-center\" style=\"font-size:3.2rem\">A S S A M<\/h2>\n\n\n\n<p><br><\/p>\n<\/div><\/div>\n<\/div><\/section><\/div>\n\n\n\n<p class=\"has-text-align-center has-large-font-size\"><strong>Adaleti Savunanlar<br>Stratejik Ara\u015ft\u0131rmalar Merkezi<\/strong><br><br>\u0130stanbul\/T\u00fcrkiye<br>Tel:&nbsp;<a href=\"tel:+905550005800\">+90 555 000 58 00<\/a><br>E-mail:&nbsp;<a href=\"mailto:info@assam.org.tr\">info@assam.org.tr<\/a><\/p>\n<\/div><\/div>\n<\/div><\/section><\/div>\n\n\n\n<center><iframe loading=\"lazy\" style=\"border: 0;\" src=\"https:\/\/www.google.com\/maps\/embed?pb=!1m18!1m12!1m3!1d6024.599140291731!2d28.65781009197237!3d40.97492066265489!2m3!1f0!2f0!3f0!3m2!1i1024!2i768!4f13.1!3m3!1m2!1s0x14b55f89435b8deb%3A0xd587a93381817bf9!2sASSAM%20%7C%20Adaleti%20Savunanlar%20Stratejik%20Ara%C5%9Ft%C4%B1rmalar%20Merkezi%20Derne%C4%9Fi!5e0!3m2!1str!2str!4v1762839327003!5m2!1str!2str\" width=\"1000\" height=\"500\" allowfullscreen=\"allowfullscreen\"><\/iframe><\/center>\n\n\n\n<div class=\"section-wrapper\" data-id=\"f9kQT3\"><section class=\"wp-block-gutenverse-section guten-element guten-section guten-f9kQT3 layout-boxed align-stretch\"><div class=\"guten-container guten-column-gap-no\">\n<div class=\"wp-block-gutenverse-column guten-element guten-column guten-8mJ2Sv\"><div class=\"guten-column-wrapper\" data-id=\"8mJ2Sv\">\n<div class=\"section-wrapper\" data-id=\"iGJjLF\"><section class=\"wp-block-gutenverse-section guten-element guten-section guten-iGJjLF animated guten-element-hide desktop-fadeInUp layout-fullwidth align-stretch\"><div class=\"guten-container guten-column-gap-no\">\n<div class=\"wp-block-gutenverse-column guten-element guten-column guten-4TLnYR hide-mobile\"><div class=\"guten-column-wrapper\" data-id=\"4TLnYR\"><div class=\"guten-background-overlay\"><\/div>\n<div class=\"guten-element guten-spacer guten-GGILOl\"><\/div>\n\n\n\n<div class=\"guten-element guten-countdown guten-dVyIBv\" data-duedate=\"[\"2025-11-08T07:00:00.000Z\"]\" data-expired=\"{\"action\":\"none\"}\"><div class=\"guten-countdown-wrapper\"><div class=\"item-flex\"><div class=\"time-container days-wrapper\"><div class=\"countdown-value\">0<\/div><div class=\"countdown-label\">G\u00fcn<\/div><\/div><\/div><div class=\"item-flex\"><div class=\"time-container hours-wrapper\"><div class=\"countdown-value\">0<\/div><div class=\"countdown-label\">Saat<\/div><\/div><\/div><div class=\"item-flex\"><div class=\"time-container minutes-wrapper\"><div class=\"countdown-value\">0<\/div><div class=\"countdown-label\">Dakika<\/div><\/div><\/div><div class=\"item-flex\"><div class=\"time-container seconds-wrapper\"><div class=\"countdown-value\">0<\/div><div class=\"countdown-label\">Saniye<\/div><\/div><\/div><\/div><\/div>\n<\/div><\/div>\n\n\n\n<div class=\"wp-block-gutenverse-column guten-element guten-column guten-57NQ6F\"><div class=\"guten-column-wrapper\" data-id=\"57NQ6F\">\n<h2 class=\"wp-block-gutenverse-heading guten-element guten-eVFMwT\">ASSAM ULUSLARARASI KONGRELER\u0130<\/h2>\n\n\n\n<div class=\"guten-element gutenverse-text-editor guten-kJlG4D\"><div class=\"text-content-inner\">\n<p>AMACI; \u0130SLAM \u00dcLKELER\u0130 CO\u011eRAFYASI BA\u015eTA OLMAK \u00dcZERE D\u00dcNYA S\u0130YASET\u0130NDE G\u00dcNCEL SORUNLARLA \u0130LG\u0130L\u0130 OLARAK AKADEM\u0130K VE S\u0130YASAL B\u0130R ZEM\u0130N \u00dcZER\u0130NDE TESP\u0130TLER YAPMAK VE KARAR VER\u0130C\u0130LERE \u00c7\u00d6Z\u00dcM \u00d6NER\u0130LER\u0130 SUNMAKTIR.<\/p>\n<\/div><\/div>\n\n\n\n<div class=\"guten-element guten-button-wrapper guten-3ABnLq\"><a class=\"guten-button guten-button-sm\" href=\"https:\/\/assamcongress.com\/tr\/bildiri-gonderimi\/\"><span>Bildiri G\u00f6nderin<\/span><\/a><\/div>\n<\/div><\/div>\n<\/div><\/section><\/div>\n\n\n\n<div class=\"section-wrapper\" data-id=\"C4Psps\"><section class=\"wp-block-gutenverse-section guten-element guten-section guten-C4Psps animated guten-element-hide desktop-fadeInUp layout-boxed align-stretch\"><div class=\"guten-container guten-column-gap-no\">\n<div class=\"wp-block-gutenverse-column guten-element guten-column guten-EIfMtK\"><div class=\"guten-column-wrapper\" data-id=\"EIfMtK\">\n<div class=\"section-wrapper\" data-id=\"XJg6YL\"><section class=\"wp-block-gutenverse-section guten-element guten-section guten-XJg6YL layout-fullwidth align-stretch\"><div class=\"guten-container guten-column-gap-no\">\n<div class=\"wp-block-gutenverse-column guten-element guten-column guten-yfuSod\"><div class=\"guten-column-wrapper\" data-id=\"yfuSod\">\n<div class=\"guten-element gutenverse-text-editor guten-grWos0\"><div class=\"text-content-inner\">\n<p>Copyright \u00a9 2016-2025 | <a href=\"https:\/\/www.assam.org.tr\/\" target=\"_blank\" rel=\"noreferrer noopener\">ASSAM <\/a>\/ The Association of Justice Defenders Strategic Studies Center | All rights reserved<\/p>\n<\/div><\/div>\n\n\n\n<div class=\"guten-element gutenverse-text-editor guten-sPztK3\"><div class=\"text-content-inner\"><\/div><\/div>\n\n\n\n<ul class=\"wp-block-social-links has-icon-color is-style-logos-only is-layout-flex wp-container-core-social-links-is-layout-d530f076 wp-block-social-links-is-layout-flex\" style=\"margin-top:0;margin-bottom:0\"><li style=\"color:#ffffff;\" class=\"wp-social-link wp-social-link-facebook has-theme-1-color wp-block-social-link\"><a rel=\"noopener nofollow\" target=\"_blank\" href=\"https:\/\/facebook.com\/assamcongresses\" class=\"wp-block-social-link-anchor\"><svg width=\"24\" height=\"24\" viewBox=\"0 0 24 24\" version=\"1.1\" xmlns=\"http:\/\/www.w3.org\/2000\/svg\" aria-hidden=\"true\" focusable=\"false\"><path d=\"M12 2C6.5 2 2 6.5 2 12c0 5 3.7 9.1 8.4 9.9v-7H7.9V12h2.5V9.8c0-2.5 1.5-3.9 3.8-3.9 1.1 0 2.2.2 2.2.2v2.5h-1.3c-1.2 0-1.6.8-1.6 1.6V12h2.8l-.4 2.9h-2.3v7C18.3 21.1 22 17 22 12c0-5.5-4.5-10-10-10z\"><\/path><\/svg><span class=\"wp-block-social-link-label screen-reader-text\">Facebook<\/span><\/a><\/li>\n\n<li style=\"color:#ffffff;\" class=\"wp-social-link wp-social-link-x has-theme-1-color wp-block-social-link\"><a rel=\"noopener nofollow\" target=\"_blank\" href=\"https:\/\/twitter.com\/assamcongresses\" class=\"wp-block-social-link-anchor\"><svg width=\"24\" height=\"24\" viewBox=\"0 0 24 24\" version=\"1.1\" xmlns=\"http:\/\/www.w3.org\/2000\/svg\" aria-hidden=\"true\" focusable=\"false\"><path d=\"M13.982 10.622 20.54 3h-1.554l-5.693 6.618L8.745 3H3.5l6.876 10.007L3.5 21h1.554l6.012-6.989L15.868 21h5.245l-7.131-10.378Zm-2.128 2.474-.697-.997-5.543-7.93H8l4.474 6.4.697.996 5.815 8.318h-2.387l-4.745-6.787Z\" \/><\/svg><span class=\"wp-block-social-link-label screen-reader-text\">X<\/span><\/a><\/li>\n\n<li style=\"color:#ffffff;\" class=\"wp-social-link wp-social-link-linkedin has-theme-1-color wp-block-social-link\"><a rel=\"noopener nofollow\" target=\"_blank\" href=\"https:\/\/linkedin.com\/showcase\/assamcongresses\" class=\"wp-block-social-link-anchor\"><svg width=\"24\" height=\"24\" viewBox=\"0 0 24 24\" version=\"1.1\" xmlns=\"http:\/\/www.w3.org\/2000\/svg\" aria-hidden=\"true\" focusable=\"false\"><path d=\"M19.7,3H4.3C3.582,3,3,3.582,3,4.3v15.4C3,20.418,3.582,21,4.3,21h15.4c0.718,0,1.3-0.582,1.3-1.3V4.3 C21,3.582,20.418,3,19.7,3z M8.339,18.338H5.667v-8.59h2.672V18.338z M7.004,8.574c-0.857,0-1.549-0.694-1.549-1.548 c0-0.855,0.691-1.548,1.549-1.548c0.854,0,1.547,0.694,1.547,1.548C8.551,7.881,7.858,8.574,7.004,8.574z M18.339,18.338h-2.669 v-4.177c0-0.996-0.017-2.278-1.387-2.278c-1.389,0-1.601,1.086-1.601,2.206v4.249h-2.667v-8.59h2.559v1.174h0.037 c0.356-0.675,1.227-1.387,2.526-1.387c2.703,0,3.203,1.779,3.203,4.092V18.338z\"><\/path><\/svg><span class=\"wp-block-social-link-label screen-reader-text\">LinkedIn<\/span><\/a><\/li>\n\n<li style=\"color:#ffffff;\" class=\"wp-social-link wp-social-link-youtube has-theme-1-color wp-block-social-link\"><a rel=\"noopener nofollow\" target=\"_blank\" href=\"http:\/\/youtube.com\/ASSAMCongress\" class=\"wp-block-social-link-anchor\"><svg width=\"24\" height=\"24\" viewBox=\"0 0 24 24\" version=\"1.1\" xmlns=\"http:\/\/www.w3.org\/2000\/svg\" aria-hidden=\"true\" focusable=\"false\"><path d=\"M21.8,8.001c0,0-0.195-1.378-0.795-1.985c-0.76-0.797-1.613-0.801-2.004-0.847c-2.799-0.202-6.997-0.202-6.997-0.202 h-0.009c0,0-4.198,0-6.997,0.202C4.608,5.216,3.756,5.22,2.995,6.016C2.395,6.623,2.2,8.001,2.2,8.001S2,9.62,2,11.238v1.517 c0,1.618,0.2,3.237,0.2,3.237s0.195,1.378,0.795,1.985c0.761,0.797,1.76,0.771,2.205,0.855c1.6,0.153,6.8,0.201,6.8,0.201 s4.203-0.006,7.001-0.209c0.391-0.047,1.243-0.051,2.004-0.847c0.6-0.607,0.795-1.985,0.795-1.985s0.2-1.618,0.2-3.237v-1.517 C22,9.62,21.8,8.001,21.8,8.001z M9.935,14.594l-0.001-5.62l5.404,2.82L9.935,14.594z\"><\/path><\/svg><span class=\"wp-block-social-link-label screen-reader-text\">YouTube<\/span><\/a><\/li><\/ul>\n\n\n\n<figure class=\"wp-block-image size-full is-resized\" style=\"margin-top:0;margin-bottom:0\"><a href=\"https:\/\/sosyal.teknofest.app\/@assamcongress\" target=\"_blank\" rel=\" noreferrer noopener\"><img loading=\"lazy\" decoding=\"async\" width=\"116\" height=\"116\" src=\"https:\/\/assamcongress.com\/wp-content\/uploads\/2025\/09\/nxt.png\" alt=\"\" class=\"wp-image-2203\" style=\"width:21px;height:auto\"\/><\/a><\/figure>\n<\/div><\/div>\n<\/div><\/section><\/div>\n<\/div><\/div>\n<\/div><\/section><\/div>\n<\/div><\/div>\n<\/div><\/section><\/div>\n","protected":false},"excerpt":{"rendered":"","protected":false},"author":1,"featured_media":0,"parent":0,"menu_order":0,"comment_status":"closed","ping_status":"closed","template":"blank-canvas","meta":{"_acf_changed":false,"footnotes":""},"class_list":["post-2003","page","type-page","status-publish","hentry"],"acf":[],"yoast_head":"<!-- This site is optimized with the Yoast SEO plugin v26.0 - https:\/\/yoast.com\/wordpress\/plugins\/seo\/ -->\n<title>ASSAM Kongreleri - ANASAYFA<\/title>\n<meta name=\"description\" content=\"AMACI; \u0130SLAM \u00dcLKELER\u0130 CO\u011eRAFYASI BA\u015eTA OLMAK \u00dcZERE D\u00dcNYA S\u0130YASET\u0130NDE G\u00dcNCEL SORUNLARLA \u0130LG\u0130L\u0130 OLARAK AKADEM\u0130K VE S\u0130YASAL B\u0130R ZEM\u0130N \u00dcZER\u0130NDE TESP\u0130TLER YAPMAK VE KARAR VER\u0130C\u0130LERE \u00c7\u00d6Z\u00dcM \u00d6NER\u0130LER\u0130 SUNMAKTIR.\" \/>\n<meta name=\"robots\" content=\"index, follow, max-snippet:-1, max-image-preview:large, max-video-preview:-1\" \/>\n<link rel=\"canonical\" href=\"https:\/\/assamcongress.com\/tr\/\" \/>\n<meta property=\"og:locale\" content=\"tr_TR\" \/>\n<meta property=\"og:type\" content=\"article\" \/>\n<meta property=\"og:title\" content=\"ASSAM Kongreleri - ANASAYFA\" \/>\n<meta property=\"og:description\" content=\"AMACI; \u0130SLAM \u00dcLKELER\u0130 CO\u011eRAFYASI BA\u015eTA OLMAK \u00dcZERE D\u00dcNYA S\u0130YASET\u0130NDE G\u00dcNCEL SORUNLARLA \u0130LG\u0130L\u0130 OLARAK AKADEM\u0130K VE S\u0130YASAL B\u0130R ZEM\u0130N \u00dcZER\u0130NDE TESP\u0130TLER YAPMAK VE KARAR VER\u0130C\u0130LERE \u00c7\u00d6Z\u00dcM \u00d6NER\u0130LER\u0130 SUNMAKTIR.\" \/>\n<meta property=\"og:url\" content=\"https:\/\/assamcongress.com\/tr\/\" \/>\n<meta property=\"og:site_name\" content=\"ASSAM Congress\" \/>\n<meta property=\"article:publisher\" content=\"https:\/\/facebook.com\/assamcongresses\" \/>\n<meta property=\"article:modified_time\" content=\"2025-11-18T05:46:06+00:00\" \/>\n<meta property=\"og:image\" content=\"https:\/\/assamcongress.com\/wp-content\/uploads\/2025\/09\/creative-2.png\" \/>\n<meta name=\"twitter:card\" content=\"summary_large_image\" \/>\n<meta name=\"twitter:site\" content=\"@assamcongresses\" \/>\n<meta name=\"twitter:label1\" content=\"Tahmini okuma s\u00fcresi\" \/>\n\t<meta name=\"twitter:data1\" content=\"12 dakika\" \/>\n<script type=\"application\/ld+json\" class=\"yoast-schema-graph\">{\"@context\":\"https:\/\/schema.org\",\"@graph\":[{\"@type\":\"WebPage\",\"@id\":\"https:\/\/assamcongress.com\/tr\/\",\"url\":\"https:\/\/assamcongress.com\/tr\/\",\"name\":\"ASSAM Kongreleri - ANASAYFA\",\"isPartOf\":{\"@id\":\"https:\/\/assamcongress.com\/tr\/#website\"},\"primaryImageOfPage\":{\"@id\":\"https:\/\/assamcongress.com\/tr\/#primaryimage\"},\"image\":{\"@id\":\"https:\/\/assamcongress.com\/tr\/#primaryimage\"},\"thumbnailUrl\":\"https:\/\/assamcongress.com\/wp-content\/uploads\/2025\/09\/creative-2.png\",\"datePublished\":\"2025-09-07T09:12:41+00:00\",\"dateModified\":\"2025-11-18T05:46:06+00:00\",\"description\":\"AMACI; \u0130SLAM \u00dcLKELER\u0130 CO\u011eRAFYASI BA\u015eTA OLMAK \u00dcZERE D\u00dcNYA S\u0130YASET\u0130NDE G\u00dcNCEL SORUNLARLA \u0130LG\u0130L\u0130 OLARAK AKADEM\u0130K VE S\u0130YASAL B\u0130R ZEM\u0130N \u00dcZER\u0130NDE TESP\u0130TLER YAPMAK VE KARAR VER\u0130C\u0130LERE \u00c7\u00d6Z\u00dcM \u00d6NER\u0130LER\u0130 SUNMAKTIR.\",\"breadcrumb\":{\"@id\":\"https:\/\/assamcongress.com\/tr\/#breadcrumb\"},\"inLanguage\":\"tr\",\"potentialAction\":[{\"@type\":\"ReadAction\",\"target\":[\"https:\/\/assamcongress.com\/tr\/\"]}]},{\"@type\":\"ImageObject\",\"inLanguage\":\"tr\",\"@id\":\"https:\/\/assamcongress.com\/tr\/#primaryimage\",\"url\":\"https:\/\/assamcongress.com\/wp-content\/uploads\/2025\/09\/creative-2.png\",\"contentUrl\":\"https:\/\/assamcongress.com\/wp-content\/uploads\/2025\/09\/creative-2.png\"},{\"@type\":\"BreadcrumbList\",\"@id\":\"https:\/\/assamcongress.com\/tr\/#breadcrumb\",\"itemListElement\":[{\"@type\":\"ListItem\",\"position\":1,\"name\":\"Home\",\"item\":\"https:\/\/assamcongress.com\/tr\/\"},{\"@type\":\"ListItem\",\"position\":2,\"name\":\"Home\"}]},{\"@type\":\"WebSite\",\"@id\":\"https:\/\/assamcongress.com\/tr\/#website\",\"url\":\"https:\/\/assamcongress.com\/tr\/\",\"name\":\"ASSAM International Congresses\",\"description\":\"Adaleti Savunanlar Stratejik Ara\u015ft\u0131rmalar Merkezi\",\"publisher\":{\"@id\":\"https:\/\/assamcongress.com\/tr\/#organization\"},\"potentialAction\":[{\"@type\":\"SearchAction\",\"target\":{\"@type\":\"EntryPoint\",\"urlTemplate\":\"https:\/\/assamcongress.com\/tr\/?s={search_term_string}\"},\"query-input\":{\"@type\":\"PropertyValueSpecification\",\"valueRequired\":true,\"valueName\":\"search_term_string\"}}],\"inLanguage\":\"tr\"},{\"@type\":\"Organization\",\"@id\":\"https:\/\/assamcongress.com\/tr\/#organization\",\"name\":\"ASSAM - Justice Defenders Strategic Studies Center\",\"url\":\"https:\/\/assamcongress.com\/tr\/\",\"logo\":{\"@type\":\"ImageObject\",\"inLanguage\":\"tr\",\"@id\":\"https:\/\/assamcongress.com\/tr\/#\/schema\/logo\/image\/\",\"url\":\"https:\/\/assamcongress.com\/download\/2025\/09\/ASSAM-Logo-2023-1-scaled.png\",\"contentUrl\":\"https:\/\/assamcongress.com\/download\/2025\/09\/ASSAM-Logo-2023-1-scaled.png\",\"width\":2560,\"height\":2560,\"caption\":\"ASSAM - Justice Defenders Strategic Studies Center\"},\"image\":{\"@id\":\"https:\/\/assamcongress.com\/tr\/#\/schema\/logo\/image\/\"},\"sameAs\":[\"https:\/\/facebook.com\/assamcongresses\",\"https:\/\/x.com\/assamcongresses\",\"https:\/\/linkedin.com\/showcase\/assamcongresses\",\"http:\/\/youtube.com\/ASSAMCongress\",\"https:\/\/sosyal.teknofest.app\/@assam_der\"]}]}<\/script>\n<!-- \/ Yoast SEO plugin. -->","yoast_head_json":{"title":"ASSAM Kongreleri - ANASAYFA","description":"AMACI; \u0130SLAM \u00dcLKELER\u0130 CO\u011eRAFYASI BA\u015eTA OLMAK \u00dcZERE D\u00dcNYA S\u0130YASET\u0130NDE G\u00dcNCEL SORUNLARLA \u0130LG\u0130L\u0130 OLARAK AKADEM\u0130K VE S\u0130YASAL B\u0130R ZEM\u0130N \u00dcZER\u0130NDE TESP\u0130TLER YAPMAK VE KARAR VER\u0130C\u0130LERE \u00c7\u00d6Z\u00dcM \u00d6NER\u0130LER\u0130 SUNMAKTIR.","robots":{"index":"index","follow":"follow","max-snippet":"max-snippet:-1","max-image-preview":"max-image-preview:large","max-video-preview":"max-video-preview:-1"},"canonical":"https:\/\/assamcongress.com\/tr\/","og_locale":"tr_TR","og_type":"article","og_title":"ASSAM Kongreleri - ANASAYFA","og_description":"AMACI; \u0130SLAM \u00dcLKELER\u0130 CO\u011eRAFYASI BA\u015eTA OLMAK \u00dcZERE D\u00dcNYA S\u0130YASET\u0130NDE G\u00dcNCEL SORUNLARLA \u0130LG\u0130L\u0130 OLARAK AKADEM\u0130K VE S\u0130YASAL B\u0130R ZEM\u0130N \u00dcZER\u0130NDE TESP\u0130TLER YAPMAK VE KARAR VER\u0130C\u0130LERE \u00c7\u00d6Z\u00dcM \u00d6NER\u0130LER\u0130 SUNMAKTIR.","og_url":"https:\/\/assamcongress.com\/tr\/","og_site_name":"ASSAM Congress","article_publisher":"https:\/\/facebook.com\/assamcongresses","article_modified_time":"2025-11-18T05:46:06+00:00","og_image":[{"url":"https:\/\/assamcongress.com\/wp-content\/uploads\/2025\/09\/creative-2.png","type":"","width":"","height":""}],"twitter_card":"summary_large_image","twitter_site":"@assamcongresses","twitter_misc":{"Tahmini okuma s\u00fcresi":"12 dakika"},"schema":{"@context":"https:\/\/schema.org","@graph":[{"@type":"WebPage","@id":"https:\/\/assamcongress.com\/tr\/","url":"https:\/\/assamcongress.com\/tr\/","name":"ASSAM Kongreleri - ANASAYFA","isPartOf":{"@id":"https:\/\/assamcongress.com\/tr\/#website"},"primaryImageOfPage":{"@id":"https:\/\/assamcongress.com\/tr\/#primaryimage"},"image":{"@id":"https:\/\/assamcongress.com\/tr\/#primaryimage"},"thumbnailUrl":"https:\/\/assamcongress.com\/wp-content\/uploads\/2025\/09\/creative-2.png","datePublished":"2025-09-07T09:12:41+00:00","dateModified":"2025-11-18T05:46:06+00:00","description":"AMACI; \u0130SLAM \u00dcLKELER\u0130 CO\u011eRAFYASI BA\u015eTA OLMAK \u00dcZERE D\u00dcNYA S\u0130YASET\u0130NDE G\u00dcNCEL SORUNLARLA \u0130LG\u0130L\u0130 OLARAK AKADEM\u0130K VE S\u0130YASAL B\u0130R ZEM\u0130N \u00dcZER\u0130NDE TESP\u0130TLER YAPMAK VE KARAR VER\u0130C\u0130LERE \u00c7\u00d6Z\u00dcM \u00d6NER\u0130LER\u0130 SUNMAKTIR.","breadcrumb":{"@id":"https:\/\/assamcongress.com\/tr\/#breadcrumb"},"inLanguage":"tr","potentialAction":[{"@type":"ReadAction","target":["https:\/\/assamcongress.com\/tr\/"]}]},{"@type":"ImageObject","inLanguage":"tr","@id":"https:\/\/assamcongress.com\/tr\/#primaryimage","url":"https:\/\/assamcongress.com\/wp-content\/uploads\/2025\/09\/creative-2.png","contentUrl":"https:\/\/assamcongress.com\/wp-content\/uploads\/2025\/09\/creative-2.png"},{"@type":"BreadcrumbList","@id":"https:\/\/assamcongress.com\/tr\/#breadcrumb","itemListElement":[{"@type":"ListItem","position":1,"name":"Home","item":"https:\/\/assamcongress.com\/tr\/"},{"@type":"ListItem","position":2,"name":"Home"}]},{"@type":"WebSite","@id":"https:\/\/assamcongress.com\/tr\/#website","url":"https:\/\/assamcongress.com\/tr\/","name":"ASSAM International Congresses","description":"Adaleti Savunanlar Stratejik Ara\u015ft\u0131rmalar Merkezi","publisher":{"@id":"https:\/\/assamcongress.com\/tr\/#organization"},"potentialAction":[{"@type":"SearchAction","target":{"@type":"EntryPoint","urlTemplate":"https:\/\/assamcongress.com\/tr\/?s={search_term_string}"},"query-input":{"@type":"PropertyValueSpecification","valueRequired":true,"valueName":"search_term_string"}}],"inLanguage":"tr"},{"@type":"Organization","@id":"https:\/\/assamcongress.com\/tr\/#organization","name":"ASSAM - Justice Defenders Strategic Studies Center","url":"https:\/\/assamcongress.com\/tr\/","logo":{"@type":"ImageObject","inLanguage":"tr","@id":"https:\/\/assamcongress.com\/tr\/#\/schema\/logo\/image\/","url":"https:\/\/assamcongress.com\/download\/2025\/09\/ASSAM-Logo-2023-1-scaled.png","contentUrl":"https:\/\/assamcongress.com\/download\/2025\/09\/ASSAM-Logo-2023-1-scaled.png","width":2560,"height":2560,"caption":"ASSAM - Justice Defenders Strategic Studies Center"},"image":{"@id":"https:\/\/assamcongress.com\/tr\/#\/schema\/logo\/image\/"},"sameAs":["https:\/\/facebook.com\/assamcongresses","https:\/\/x.com\/assamcongresses","https:\/\/linkedin.com\/showcase\/assamcongresses","http:\/\/youtube.com\/ASSAMCongress","https:\/\/sosyal.teknofest.app\/@assam_der"]}]}},"_links":{"self":[{"href":"https:\/\/assamcongress.com\/tr\/wp-json\/wp\/v2\/pages\/2003","targetHints":{"allow":["GET"]}}],"collection":[{"href":"https:\/\/assamcongress.com\/tr\/wp-json\/wp\/v2\/pages"}],"about":[{"href":"https:\/\/assamcongress.com\/tr\/wp-json\/wp\/v2\/types\/page"}],"author":[{"embeddable":true,"href":"https:\/\/assamcongress.com\/tr\/wp-json\/wp\/v2\/users\/1"}],"replies":[{"embeddable":true,"href":"https:\/\/assamcongress.com\/tr\/wp-json\/wp\/v2\/comments?post=2003"}],"version-history":[{"count":75,"href":"https:\/\/assamcongress.com\/tr\/wp-json\/wp\/v2\/pages\/2003\/revisions"}],"predecessor-version":[{"id":4170,"href":"https:\/\/assamcongress.com\/tr\/wp-json\/wp\/v2\/pages\/2003\/revisions\/4170"}],"wp:attachment":[{"href":"https:\/\/assamcongress.com\/tr\/wp-json\/wp\/v2\/media?parent=2003"}],"curies":[{"name":"wp","href":"https:\/\/api.w.org\/{rel}","templated":true}]}}